{"id":54,"date":"2024-01-03T12:39:23","date_gmt":"2024-01-03T12:39:23","guid":{"rendered":"https:\/\/klimaseite.info\/?page_id=54"},"modified":"2026-04-25T09:19:50","modified_gmt":"2026-04-25T09:19:50","slug":"klimachronik","status":"publish","type":"page","link":"https:\/\/klimaseite.info\/?page_id=54","title":{"rendered":"Klimachronik"},"content":{"rendered":"\n<figure class=\"wp-block-image alignwide size-large\"><img loading=\"lazy\" decoding=\"async\" width=\"1024\" height=\"683\" src=\"https:\/\/klimaseite.info\/wp-content\/uploads\/2024\/01\/DSCF4680-1024x683.jpg\" alt=\"\" class=\"wp-image-190\" srcset=\"https:\/\/klimaseite.info\/wp-content\/uploads\/2024\/01\/DSCF4680-1024x683.jpg 1024w, https:\/\/klimaseite.info\/wp-content\/uploads\/2024\/01\/DSCF4680-300x200.jpg 300w, https:\/\/klimaseite.info\/wp-content\/uploads\/2024\/01\/DSCF4680-768x512.jpg 768w, https:\/\/klimaseite.info\/wp-content\/uploads\/2024\/01\/DSCF4680-1536x1024.jpg 1536w, https:\/\/klimaseite.info\/wp-content\/uploads\/2024\/01\/DSCF4680-2048x1365.jpg 2048w\" sizes=\"auto, (max-width: 1024px) 100vw, 1024px\" \/><\/figure>\n\n\n\n<p class=\"has-secondary-color has-text-color has-link-color wp-elements-037f0033cb57f0aae269afed3828ac99\"><strong>Klimachronik April 2026<\/strong><\/p>\n\n\n\n<p class=\"has-black-color has-text-color has-link-color has-medium-font-size wp-elements-3cc127f353dcc29b8d31562f97d4638e\">1. Wie die S\u00fcddeutsche Zeitung aus der Forschung berichtet, nimmt die Wahrscheinlichkeit eines neuen El Ninos in diesem und n\u00e4chstem Jahr mit der Folge einer weiteren mittleren Erderw\u00e4rmung um 0,2 Grad Celsius gerade zu.<\/p>\n\n\n\n<p class=\"has-black-color has-text-color has-link-color has-medium-font-size wp-elements-b2bead47bc4c1eb9fe3c77f57d0de0e6\">2. Griechenland leidet unter Starkregen, Orkanb\u00f6en und Saharastaub. In Athen kommt ein Mann auf einer \u00fcberschwemmten Stra\u00dfe ums Leben.<\/p>\n\n\n\n<p class=\"has-black-color has-text-color has-link-color has-medium-font-size wp-elements-b04998876d3718f991197e635c9f1b29\">3.Die EU-Kommission legt einen Entwurf zur Neuregelung des CO<sub>2<\/sub>-Handels vor, \u00fcber den im Juli final entschieden werden soll. \u00a0Demnach spielt k\u00fcnftig die Zertifikats-Reserve eine gr\u00f6\u00dfere Rolle. Sie soll auch zur Unterst\u00fctzung bed\u00fcrftiger Branchen eingesetzt werden. Die EU moniert aber auch, die Zweckentfremdung der mit dem Zertifikatshandel erzielten 700 Milliarden Euro. Sie wurden an die Mitgliedsstaaten verteilt, aber nur in geringem Umfang f\u00fcr Klimaschutzma\u00dfnahmen eingesetzt.<\/p>\n\n\n\n<p class=\"has-black-color has-text-color has-link-color has-medium-font-size wp-elements-2c8adf0b7c0feed34b40a9aa23286126\">4.Nach einer offiziellen Statistik gab es in den Alpen und in anderen europ\u00e4ischen Gebirgen seit Anfang Oktober 2025 mindestens 135, im vorigen Winter 2024\/25 aber nur 70 Lawinentote. Damit hat sich ihre Zahl in dieser Saison fast verdoppelt. Als einer der Gr\u00fcnde f\u00fcr die h\u00f6here Zahl wird der Klimawandel genannt.<\/p>\n\n\n\n<p class=\"has-black-color has-text-color has-link-color has-medium-font-size wp-elements-f28540c3bfed72ec7ffe71b679ba0be5\">5.Aufgrund der hohen Preise beim Tanken will die Koalition die Mineral\u00f6lsteuer f\u00fcr zwei Monate um insgesamt knapp 17 Cent je Liter Diesel und Benzin senken. Das kostet den Staat 1,6 Milliarden Euro, f\u00f6rdert den Verbrauch und erh\u00f6ht die CO<sub>2<\/sub>-Emissionen.<\/p>\n\n\n\n<p class=\"has-black-color has-text-color has-link-color has-medium-font-size wp-elements-31fe8fca98085a347c79263effa35173\">6.Laut <em>Spiegel <\/em>hat das Bundeswirtschaftsministerium Energiekonzerne um Vorschl\u00e4ge gebeten, die eine Beteiligung von Stromspeichern an der geplanten Backup-Kapazit\u00e4t von 12 GW Stromleistung ausschlie\u00dfen oder zumindest erschweren. Offensichtlich will die Ministerin hier nur Gaskraftwerke sehen. EnBW und RWE sind dieser Bitte vermutlich nicht ungern nachgekommen, wollen sie doch selbst solche hoch subventionierten Gaskraftwerke bauen. \u00a0<\/p>\n\n\n\n<p class=\"has-black-color has-text-color has-link-color has-medium-font-size wp-elements-124431f356fe4aebac867bbfca72ddad\">7.Rund 80.000 Menschen protestieren in Berlin, Hamburg, K\u00f6ln und M\u00fcnchen f\u00fcr eine Energiewende mit Erneuerbaren Energien, gegen die Nutzung fossiler Energien und die aktuelle Energiepolitik der Bundesregierung.<\/p>\n\n\n\n<p class=\"has-black-color has-text-color has-link-color has-medium-font-size wp-elements-bf38a5f8fe7d003fd7aea544e3015e4b\">8.Seit dem 1. April liegt der sogenannte Hitzeindex in Bangkok konstant im kritischen Bereich von 42 bis knapp 52 Grad Celsius. Der Hitzeindex (HI) ist ein Ma\u00df zur Beschreibung der gef\u00fchlten Temperatur unter Ber\u00fccksichtigung der Luftfeuchtigkeit.Die Beh\u00f6rden richten ein Netz aus K\u00fchlzentren f\u00fcr die Bev\u00f6lkerung ein.<\/p>\n\n\n\n<p class=\"has-secondary-color has-text-color has-link-color wp-elements-5034053aa97edbd0527adc43e9f827d8\"><strong>Klimachronik M\u00e4rz 2026<\/strong><\/p>\n\n\n\n<p class=\"has-black-color has-text-color has-link-color has-medium-font-size wp-elements-053197d7c191bdc2645faf0c9b0c0172\">1. Eine Studie des Potsdam-Instituts f\u00fcr Klimafolgenforschung (PIK) best\u00e4tigt, dass sich die Erde in den vergangenen zehn Jahren deutlich schneller erw\u00e4rmt hat als in den Jahrzehnten davor. Die globale Mittel-Temperatur ist in den vergangenen zehn Jahren um rund 0,35 Grad Celsius angestiegen. Zwischen 1970 und 2015 waren es im Schnitt pro Jahrzehnt nur rund 0,2 Grad Celsius. Demnach hat sich der Anstieg fast verdoppelt. Die menschengemachte Erderw\u00e4rmung schreitet also mit gro\u00dfen Schritten voran.<\/p>\n\n\n\n<p class=\"has-black-color has-text-color has-link-color has-medium-font-size wp-elements-872988b3071918903bb213883053af2b\">2. In Kenias Hauptstadt Nairobi laut Polizei sind aufgrund schwerer Regenf\u00e4lle und \u00dcberschwemmungen mindestens 23 Menschen ums Leben gekommen.<\/p>\n\n\n\n<p class=\"has-black-color has-text-color has-link-color has-medium-font-size wp-elements-47d9cb68d46fd52aa266951aacc09530\">3. Bei der Vorstellung der Klimabilanz 2025 musste Bundesumweltminister Carsten Schneider einr\u00e4umen, dass die Treibhausgasemissionen 2025 in H\u00f6he von 649 Millionen CO<sub>2<\/sub>-\u00c4quivalenten gegen\u00fcber 2024 nur um 0,9 Millionen Tonnen bzw. 0,1 % zur\u00fcckgegangen sind. Das ist der geringste R\u00fcckgang seit vier Jahren und er ist fast allein auf die schwache Konjunktur zur\u00fcckzuf\u00fchren. Die Verkehrs-Emissionen nahmen um 2,1 Millionen Tonnen zu, die Emissionen im Geb\u00e4udebereich um 3,4 Millionen Tonnen. Der Sektor Energiewirtschaft konnte die Emissionen erneut um 0,6 Mio. Tonnen reduzieren, was das Umweltbundesamt auch auf den Ausbau der Erneuerbaren Energien zur\u00fcckf\u00fchrt. Zwar sei das Klimaschutzziel f\u00fcr 2030 (minus 65% im Vergleich zu 1990) erreichbar. Dazu m\u00fcssen die Emissionen ab 2026 allerdings um 42 Mio. Tonnen pro Jahr gesenkt werden.<\/p>\n\n\n\n<p class=\"has-black-color has-text-color has-link-color has-medium-font-size wp-elements-4a80d617eb2e7065d7ad94dd027a6f7c\">4. Das Sonderverm\u00f6gen f\u00fcr Investitionen in Infrastruktur und Klimaschutz in H\u00f6he von 500 Mrd. Euro wird bisher haupts\u00e4chlich genutzt, um Haushaltsl\u00f6cher zu stopfen. Das Institut der deutschen Wirtschaft K\u00f6ln (IW) hat errechnet, dass 2025 rund 86 Prozent der neu aufgenommenen Schulden nicht f\u00fcr zus\u00e4tzliche Investitionen in die Infrastruktur eingesetzt wurden, das M\u00fcnchner Ifo-Institut kommt sogar auf \u200c95 Prozent.<\/p>\n\n\n\n<p class=\"has-black-color has-text-color has-link-color has-medium-font-size wp-elements-bc0a2c88b1c2eaa2c9d7bd4b7390bdb1\">5. Die Internationale Energieagentur (IEA) ruft zum Energiesparen auf, um die Folgen hoher \u00d6l- und Gaspreise zu d\u00e4mpfen, unter anderem durch ein Tempolimit. Werde die H\u00f6chstgeschwindigkeit auf Autobahnen von 130 km\/h um zehn Kilometer pro Stunde gesenkt, k\u00f6nne das den \u00d6lverbrauch privater Autos um bis zu sechs Prozent senken.<\/p>\n\n\n\n<p class=\"has-black-color has-text-color has-link-color has-medium-font-size wp-elements-370792ecd6f0e940c83bde55deef750a\">6. Das von Bundesumweltminister Casten Schneider vorgestellte Klimaschutzprogramm mit 90 Ma\u00dfnahmen und einem Finanzvolumen von acht Milliarden Euro soll die gesetzlichen Klimaziele erf\u00fcllen und die f\u00fcr 2030 zu bef\u00fcrchtende \u201eKlimaschutzl\u00fccke\u201c von 255 Millionen Tonnen CO<sub>2<\/sub> schlie\u00dfen \u2013 vor allem durch verst\u00e4rkten Ausbau von Windkraft an Land, eine h\u00f6here Beimischung von E-Fuels in den Sprit, neue Programme f\u00fcr W\u00e4rmewende, Elektrifizierung in der Industrie, sowie die F\u00f6rderung von E-Autos.<\/p>\n\n\n\n<p class=\"has-secondary-color has-text-color has-link-color wp-elements-549e2a0214e3d815c25eb4dbfdabd433\"><strong>Klimachronik Februar 2026<\/strong><\/p>\n\n\n\n<p class=\"has-black-color has-text-color has-link-color has-medium-font-size wp-elements-6a23eccb78878b50b5741b43bcfbd050\">1. Spanien und Portugal werden von heftigen Regenf\u00e4llen, \u00dcberschwemmungen und St\u00fcrmen heimgesucht. In Portugal kommen im Januar und Februar 13 Menschen ums Leben.<\/p>\n\n\n\n<p class=\"has-black-color has-text-color has-link-color has-medium-font-size wp-elements-7d09f2e12f8e2dfbe2cdc6d724d68cdd\">2. Auch der Nordwesten Marokkos hat mit \u00dcberflutungen zu k\u00e4mpfen. Ortschaften werden zwangsevakuiert, viele Menschen m\u00fcssen in Zeltlagern ausharren. Im Dezember hatte es bei \u00dcberflutungen im S\u00fcden des Landes 37 Tote gegeben \u2013 das will Marokkos Regierung diesmal vermeiden.<\/p>\n\n\n\n<p class=\"has-black-color has-text-color has-link-color has-medium-font-size wp-elements-6587bc6b96a404c3ee5b346055d59d07\">3. Zehn nationale EU-Energieminister vereinbaren in Hamburg neue Windr\u00e4der, neue Stromkabel am Meeresgrund und Wasserstoffanlagen an Land. Vorgesehen ist ein Ausbau der Offshore-Windkraft von derzeit 37 auf 120 Gigawatt bis 2030.<\/p>\n\n\n\n<p class=\"has-black-color has-text-color has-link-color has-medium-font-size wp-elements-eafdee4be245a0c19acc453c33e103f7\">4. Nach \u201eCarbon Brief\u201c sind die klimasch\u00e4dlichen Gase in China seit fast zwei Jahren nicht mehr angestiegen. Der Aussto\u00df geht zur\u00fcck. Das liegt vor allem am Ausbau erneuerbarer Energien. Die Solarstromerzeugung stieg 2025 um 43 Prozent, die Windkraft um 14 Prozent, die Atomenergie um acht Prozent.<\/p>\n\n\n\n<p class=\"has-black-color has-text-color has-link-color has-medium-font-size wp-elements-fd555bf94f2c86115fc95c54e41fb475\">5. Die US-Regierung k\u00fcrzt seit dem Amtsantritt von US-Pr\u00e4sident Trump rigoros Mittel f\u00fcr Klimaschutz und Forschung. Nun kippt Trump die \u201eGef\u00e4hrdungsfeststellung\u201c von 2009, erkl\u00e4rt damit Treibhausgase f\u00fcr unproblematisch und weicht die US-Regeln zum Klimaschutz auf, unter anderem f\u00fcr Fahrzeugen und Kraftwerke.<\/p>\n\n\n\n<p class=\"has-black-color has-text-color has-link-color has-medium-font-size wp-elements-13c9237a940d0ef53c1d0d58546a3df1\">6. Bei heftigen St\u00fcrmen in S\u00fcdwestfrankreich und in Spanien kommen insgesamt vier Menschen ums Leben.<\/p>\n\n\n\n<p class=\"has-black-color has-text-color has-link-color has-medium-font-size wp-elements-0c7a8cb46a83f10d3d47b030bb75b43f\">7. Die EU beschlie\u00dft, ihre CO<sub>2<\/sub>-Emissionen bis 2040 um 90 Prozent zu senken. Bis 2030 sollen die CO<sub>2<\/sub>-Emissionen bereits um 55 Prozent gegen\u00fcber 1990 gesenkt sein, bis 2050 will die EU dann klimaneutral sein. Ab 2036 k\u00f6nnen allerdings 5 Prozent der Minderung durch Klimazertifikate, Investitionen und Projekte im Ausland, dargestellt werden. Also w\u00fcrde eine Emissionsreduzierung von 85 Prozent in der EU zum Erreichen der Ziele gen\u00fcgen.<\/p>\n\n\n\n<p class=\"has-secondary-color has-text-color has-link-color wp-elements-6e66eac85acc7ab9af06e1c1e10c86ad\"><strong>Klimachronik Januar 2026<\/strong><\/p>\n\n\n\n<p class=\"has-black-color has-text-color has-link-color has-medium-font-size wp-elements-144b3948e142acbcab35a6166d0af467\">1. Deutschlands Treibhausgasemissionen sind 2025 nur leicht um 9 Millionen Tonnen CO\u2082 beziehungsweise 1,5 Prozent gegen\u00fcber dem Vorjahr gesunken \u2013 das entspricht weniger als der H\u00e4lfte der Einsparungen des Jahres 2024.<\/p>\n\n\n\n<p class=\"has-black-color has-text-color has-link-color has-medium-font-size wp-elements-af7dfa06af22172dde38014ced1f5299\">2. Die US-Regierung will aus 66 internationalen Abkommen aussteigen, darunter auch aus dem Weltklimarat IPCC und der Klima-Konvention.<\/p>\n\n\n\n<p class=\"has-black-color has-text-color has-link-color has-medium-font-size wp-elements-e14b311a5cf82fe18b3411969ff25431\">3. Schwere, tagelange Regenf\u00e4lle sorgen in S\u00fcdafrika und Mozambique f\u00fcr Verw\u00fcstung. In Mozambique verzeichnet die schwersten \u00dcberschwemmungen seit 25 Jahren mit \u00fcber 100 Toten.<\/p>\n\n\n\n<p class=\"has-black-color has-text-color has-link-color has-medium-font-size wp-elements-32678bed495e792d846e700e0e56a9a6\">4. F\u00fcr die F\u00f6rderung ab Januar 2026 f\u00fcr den Kauf von reinen Elektrofahrzeugen und Hybriden stellt die Bundesregierung drei Milliarden Euro sind f\u00fcr die Kaufpr\u00e4mie zur Verf\u00fcgung, was bis 2029 f\u00fcr etwa 800.000 gef\u00f6rderte Fahrzeuge ausreicht.<\/p>\n\n\n\n<p class=\"has-black-color has-text-color has-link-color has-medium-font-size wp-elements-4d5da7caac9244c2a8805acb22707bfa\">5. In Niedersachsen wird ein Anstieg der mittleren Grundwassertemperatur um etwa ein Grad festgestellt, den die Forschung auf den Klimawandel zur\u00fcckf\u00fchrt. Die Temperatur im Grundwasser beeinflusst die dort lebenden Mikroorganismen, die Str\u00f6mungsverh\u00e4ltnisse und die L\u00f6slichkeit von Schadstoffen.<\/p>\n\n\n\n<p class=\"has-black-color has-text-color has-link-color has-medium-font-size wp-elements-97f8747a7c81191560765a57f7716120\">6. Ein UN-Bericht \u00fcber Trinkwasser zeigt, dass die Vorr\u00e4te weltweit schwinden. Neben der Erderw\u00e4rmung ist lokales Missmanagement daf\u00fcr verantwortlich. Seen, Stauseen und Feuchtgebiete trocknen aus, Gletscher schmelzen, Fl\u00fcsse f\u00fchren weniger Wasser oder erreichen nicht mehr Meer. Der Colorado River hat ein F\u00fcnftel seiner Wassermenge verloren. In St\u00e4dten wie Kapstadt oder Teheran wird das Trinkwasser knapp. Durch die Absenkung der Grundwasserspiegel sinkt auch das dar\u00fcber Erdreich ab mit der Folge, dass Stra\u00dfen, Leitungen oder Pipelines Risse bekommen.<\/p>\n\n\n\n<p class=\"has-black-color has-text-color has-link-color has-medium-font-size wp-elements-1c06d120c5eed216104ef5b9f3a541b8\">7. Mehr als die H\u00e4lfte der US-amerikanischen Bev\u00f6lkerung ist am vorletzten Januarwochenende von einem starken Wintersturm betroffen. Zahlreiche US-Bundesstaaten haben wegen Extremwetter den Notstand ausgerufen. \u00dcber eine Million Menschen sind zeitweise ohne Strom. \u00dcber 13.000 Fl\u00fcge werden gestrichen, bis 29.1. sterben mindestens 70 Menschen an Unterk\u00fchlung bzw. infolge des Schneesturms.<\/p>\n\n\n\n<p class=\"has-black-color has-text-color has-link-color has-medium-font-size wp-elements-4b5c3810b413db8e9e825e38c268cd1b\">8. Mehrere Tage lang w\u00fctet der mediterrane Zyklon \u201cHarry\u201c \u00fcber Sizilien, Sardinien und Kalabrien. Die Sch\u00e4den werden auf 1,5 -2 Mrd. Euro gesch\u00e4tzt. Der Sturm bringt Sturmfluten mit meterhohen Wellen, heftigen Wind und Dauerregen. In der sizilianischen Stadt Niscemi entsteht durch einen Erdrutsch eine vier Kilometer lange Schlucht.<\/p>\n\n\n\n<p class=\"has-black-color has-text-color has-link-color has-medium-font-size wp-elements-ad7296cfff6453aedd5abd65f1941809\">9. Die Zahl der Inlandsfl\u00fcge in Deutschland ging 2025 um 51,5 % gegen\u00fcber 2019 zur\u00fcck.<\/p>\n\n\n\n<p class=\"has-secondary-color has-text-color has-link-color wp-elements-74ffe586e5f2352243b2dbec3c5ee58a\"><strong>Klimachronik Dezember 2025<\/strong><\/p>\n\n\n\n<p class=\"has-black-color has-text-color has-link-color has-medium-font-size wp-elements-5bc5608ae88d965c59741decab173341\">1. Die EU will auf Dr\u00e4ngen Deutschlands das geplante Verbrennerverbot ab 2035 lockern, nachdem sich Bundeskanzler in einem Brief an Kommissionspr\u00e4sidentin von der Leyen daf\u00fcr eingesetzt hat. Statt null Emissionen sollen jetzt Neuwagen ab 2035 nur 90 Prozent weniger CO<sub>2<\/sub> als Flottenobergrenze aussto\u00dfen d\u00fcrfen. Die verbleibenden Emissionen k\u00f6nnen die Autokonzerne durch die Verwendung von klimafreundlichem Stahl oder Kraftstoff ausgleichen.<\/p>\n\n\n\n<p class=\"has-black-color has-text-color has-link-color has-medium-font-size wp-elements-63ffef570785e34dcdd8512b1064465c\">2. Das Bundesverkehrsministerium (Schnieder, CDU) erteilt Baufreigaben f\u00fcr 23 Neu- und Ausbauprojekte an Autobahnen und Bundesstra\u00dfen mit einem Bauvolumen von 3 Mrd. Euro.<\/p>\n\n\n\n<p class=\"has-black-color has-text-color has-link-color has-medium-font-size wp-elements-ff488bbff0646739f5badf65d8aa74c7\">3. Bis zu 800 Gletscher gehen mittlerweile aufgrund des Klimawandels jedes Jahr auf der Welt verloren. Und zur Jahrhundertmitte k\u00f6nnte die Schwund-Rate sogar um das Drei- bis F\u00fcnffache ansteigen, hei\u00dft es in einer Studie im Fachjournal Nature Climate Change. Au\u00dferdem prognostizieren Schweizer Gletscher-Forscher, dass bei einer Erderw\u00e4rmung von 1,5 Grad nur noch die H\u00e4lfte der heutigen Gletscher bis zum Ende des Jahrhunderts existieren wird, bei 2,7 Grad ein F\u00fcnftel und bei vier Grad weniger als ein Zehntel.<\/p>\n\n\n\n<p class=\"has-black-color has-text-color has-link-color has-medium-font-size wp-elements-48c632e75bc5a812d65584b84243fb2d\">4. Ein BUND-Rechtsgutachten kritisiert am Gesetz zum beschleunigten Ausbau der Infrastruktur (\u201eInfrastruktur-Zukunfts-Gesetz\u201c) den Abbau zahlreicher Umwelt-, Natur- und Klimaschutzstandards. Besonders problematisch ist laut Rechtsgutachten, dass fast allen Arten von Fernstra\u00dfen-, Schienen- und Wasserstra\u00dfenprojekten der Status \u201e\u00fcberragendes \u00f6ffentliches Interesse\u201c zuerkannt werden soll.<\/p>\n\n\n\n<p class=\"has-black-color has-text-color has-link-color has-medium-font-size wp-elements-e28b9d3678d0dbfeef27fe5d09ab80aa\">5. Die Bundesregierung entlastet B\u00fcrgerInnen und Unternehmen bei den Energiekosten in H\u00f6he von 10 Mrd. Euro j\u00e4hrlich durch Abschaffung der Gasspeicherumlage ab 1.1.2026, durch niedrigere \u00dcbertragungsnetzentgelte und durch Senkung der Stromsteuer (nur f\u00fcr Unternehmen plus Land- und Forstwirtschaft). &nbsp;<\/p>\n\n\n\n<p class=\"has-black-color has-text-color has-link-color has-medium-font-size wp-elements-6a19d911c3ae600cd45b915eda93ec6e\">6. Das Innenministerium der Vereinigten Staaten hat die Pachtvertr\u00e4ge f\u00fcr f\u00fcnf gro\u00dfe Offshore-Windkraftprojekte vor der Ostk\u00fcste ausgesetzt und dies mit Bedenken bez\u00fcglich der nationalen \u200cSicherheit begr\u00fcndet. Betroffen sind neben US-amerikanischen auch d\u00e4nische und norwegische Unternehmen.<\/p>\n\n\n\n<p class=\"has-black-color has-text-color has-link-color has-medium-font-size wp-elements-ba1bbb9b140df0a2c1912e7ebd1bdf3e\">7. Der Gesamtverband der deutschen Versicherungswirtschaft stellt eine Zunahme der klimawandelbedingte Extremwetter fest. Deutschland habe 2025 insofern noch Gl\u00fcck gehabt, als die Sch\u00e4den in H\u00f6he von 2,6 Milliarden Euro um rund drei Milliarden Euro geringer ausfielen, als im Jahr 2024.<\/p>\n\n\n\n<p class=\"has-secondary-color has-text-color has-link-color has-x-large-font-size wp-elements-55f59bfa2ff622df1d2241a471957252\"><strong>Klimachronik November 2025<\/strong><\/p>\n\n\n\n<p class=\"has-black-color has-text-color has-link-color has-medium-font-size wp-elements-9eef4ae72f7107539fa9430a839ef4e3\">1. Die Bayerische Staatsregierung verabschiedet sich vom Ziel der Klimaneutralit\u00e4t bis 2040 und passt sich dem Bundesziel an (d.h. 5 Jahre sp\u00e4ter).<\/p>\n\n\n\n<p class=\"has-black-color has-text-color has-link-color has-medium-font-size wp-elements-efe35d08fca4ded8d3314d4cd3d15ce0\">2. Im brasilianischen Amazonas-Regenwald ist die Abholzung nach Angaben der Regierung das vierte Jahr in Folge zur\u00fcckgegangen. Zwischen August 2024 und Juli 2025 sei eine Fl\u00e4che von 5.796 Quadratkilometern zerst\u00f6rt worden &#8211; elf Prozent weniger als im Vorjahreszeitraum und die niedrigste Zahl seit 2014, teilte das Nationale Institut f\u00fcr Weltraumforschung (INPE). Das Ziel ist allerdings, bis 2030 auf null Abholzung bzw. Entwaldung zu kommen.<\/p>\n\n\n\n<p class=\"has-black-color has-text-color has-link-color has-medium-font-size wp-elements-01e0f4829ca7710184887bed516bc97b\">3. Der ungew\u00f6hnlich heftige Hurrikan \u201eMelissa\u201c hat mindestens 75 Todesopfer gefordert (davon 32 in Jamaika und 43 in Haiti) und enorme Sachsch\u00e4den (nach Sch\u00e4tzungen: 8 Mrd. Dollar) in mehreren Staaten der Karibik verursacht.<\/p>\n\n\n\n<p class=\"has-black-color has-text-color has-link-color has-medium-font-size wp-elements-e768141d4fb6a3d7279de303557cff64\">4. Noch Mitte Oktober f\u00fchrt die Elbe zu wenig Wasser. F\u00fcr die Schifffahrt (Personen- oder G\u00fcterverkehr) auf dem Fluss bedeutet das erhebliche Einschr\u00e4nkungen. <\/p>\n\n\n\n<p class=\"has-black-color has-text-color has-link-color has-medium-font-size wp-elements-3cd3159c581fbaaa81122adb1e6bbac6\">5. Bundestag und Bundesrat haben das sogenannte Kohlenstoffspeichergesetz beschlossen, das die Abscheidung und Speicherung von CO<sub>2<\/sub> erlaubt, da sonst die Ziele des Klimaschutzgesetzes nicht eingehalten werden k\u00f6nnen. Es erm\u00f6glicht die unterirdische Speicherung in Endlagern auf dem Festland und unter der Nordsee. Weiterhin ist der Aufbau eines Leitungsnetzes f\u00fcr CO<sub>2<\/sub> geplant.<\/p>\n\n\n\n<p class=\"has-black-color has-text-color has-link-color has-medium-font-size wp-elements-fe0f9de7a5565aaf85eb2e825b0719e3\">6. Die EU beschlie\u00dft neue Klimaschtzziele. Es bleibt beim Ziel der Klimaneutralit\u00e4t bis 2050. Bis 2035 sollen die Treibhausgasemissionen um mindestens 55 % gegen\u00fcber 1990 reduziert werden, bis 2040 um 90 %. Ab 2036 k\u00f6nnen dabei bis zu 5 Prozent der Emissionen durch Zertifikate von Drittstaaten kompensiert werden. Die Einf\u00fchrung der zweiten Stufe des europ\u00e4ischen Emissionshandels (ETS 2), in der Brenn- und Kraftstoffe einbezogen werden, wird um ein Jahr von 2027 auf 2028 verschoben. Das EU-Parlament stimmt mehrheitlich zu.<\/p>\n\n\n\n<p class=\"has-black-color has-text-color has-link-color has-medium-font-size wp-elements-17dc31e4734d0d77b28edab232bb128c\">7. Der Hektoria-Gletscher in der Antarktis hat seit Anfang des Jahrtausends fast die H\u00e4lfte seiner Masse verloren.<\/p>\n\n\n\n<p class=\"has-black-color has-text-color has-link-color has-medium-font-size wp-elements-5faafc1f3f30be8e9655e7016f831374\">8. Nach dem \u201cEmission Gap Report\u201c des UN-Umweltprogramms (UNEP) bewegt sich die Welt wegen unzureichender Klimaschutzma\u00dfnahmen und Nichterf\u00fcllung nationaler Ziele auf eine Erderw\u00e4rmung von plus 2,8 Grad Celsius bis Ende des Jahrhunderts zu. Dabei sind nur die verbindlichen Gesetze ber\u00fccksichtigt, nicht die Absichtserkl\u00e4rungen (etwa in Rahmen der NDCs). Werden diese noch erf\u00fcllt, k\u00f6nnte der Temperaturanstieg auf plus 2,3 Grad begrenzt werden.<\/p>\n\n\n\n<p class=\"has-black-color has-text-color has-link-color has-medium-font-size wp-elements-de03e7fafe6390297ff8c84b0e6e7058\">9. Der verheerende Taifun \u201eKalmaegi\u201c hat auf den Philippinen und in Vietnam schwere Zerst\u00f6rungen angerichtet. Nach Angaben des philippinischen Katastrophenschutzes ist die Zahl der Toten auf mehr als 200 gestiegen.<\/p>\n\n\n\n<p class=\"has-black-color has-text-color has-link-color has-medium-font-size wp-elements-f1840d20f201c053e7912995b3acd96f\">10. Noch nie wurden so viel Kohle, \u00d6l und Erdgas verbrannt wie in diesem Jahr, zeigt der Bericht der internationalen Forschungsinitiative \u201eGlobal Carbon Project\u201c. 1995 verursachte die Verbrennung fossiler Energietr\u00e4ger 23,3 Milliarden Tonnen CO\u2082, 2025 sind es 38,1 Milliarden.<\/p>\n\n\n\n<p class=\"has-black-color has-text-color has-link-color has-medium-font-size wp-elements-6ee7546cc83308bdc28da184c74bc879\">11. Nach dem Climate Change Performance Index ist Deutschland beim Klimaschutz von Platz 16 auf Platz 22 um sechs Pl\u00e4tze abgerutscht. Bem\u00e4ngelt wird unter anderem mangelhafte bzw. fehlende CO<sub>2<\/sub>-Minderung in den Bereichen Verkehr und Geb\u00e4ude, sowie die geplanten Gaskraftwerkskapazit\u00e4ten. Die ersten drei Pl\u00e4tze&nbsp;in diesem Ranking blieben unbesetzt.<\/p>\n\n\n\n<p class=\"has-black-color has-text-color has-link-color has-medium-font-size wp-elements-0388dd022cdd02ec6ef1bf775a1634ab\">12. Nach Ende der UN-Klimaschutzkonferenz (COP30) in Belem, Brasilien sind nur geringe Fortschritte bei diesem global existenziellen Thema zu vermelden. Um \u00e4rmere Staaten vor den negativen Folgen des Klimawandels zu sch\u00fctzen, sollen die Finanzhilfen bis 2035 verdreifacht werden. Au\u00dferdem wurde ein Fonds zum Schutz der tropischen Regenw\u00e4lder gegr\u00fcndet. Daran will sich Deutschland mit einer Mrd. Euro beteiligen. Allerdings gab es am Ende keinen Fahrplan zum Stopp der Entwaldung bis zum Zieljahr 2030 und keinen Weg zum Ausstieg aus den fossilen Energien. Immerhin haben sich \u00fcber 80 L\u00e4nder bereit erkl\u00e4rt, dieses Ziel verfolgen zu wollen.<\/p>\n\n\n\n<p class=\"has-secondary-color has-text-color has-link-color wp-elements-1951892cb24a4579868ab68f7ddacd52\"><strong>Klimachronik Oktober 2025<\/strong><\/p>\n\n\n\n<p class=\"has-black-color has-text-color has-link-color has-medium-font-size wp-elements-61b0c03b74b05743b2b98afd6920c3e6\">1. Die Konzentration von klimasch\u00e4dlichem Kohlendioxid (CO<sub>2<\/sub>) in der Atmosph\u00e4re ist laut Weltwetterorganisation (WMO) mit 423,9 parts per Million (ppm) auf einem neuen H\u00f6chststand. Der Anstieg war 2024 so stark wie noch nie &#8211; mitverursacht etwa durch zahlreiche Waldbr\u00e4nde. Einen so drastischen Anstieg der CO<sub>2<\/sub>-Konzentration habe es seit Beginn der Messungen im Jahr 1957 nicht gegeben, sagt Oksana Tarasova, Atmosph\u00e4renphysikerin bei der Weltorganisation f\u00fcr Meteorologie (WMO). Auch der Gehalt der Treibhausgase Methan und Lachgas in der Atmosph\u00e4re sei 2024 auf neue Rekordwerte gestiegen. In den Sechzigerjahren lag der CO\u2082-Anstieg pro Jahr bei 0,8 ppm (Parts per Million), also Teilchen pro Million Teilchen. Von 2011 bis 2020 betrug er durchschnittlich 2,4 ppm pro Jahr. Von 2023 auf 2024 stieg die Konzentration nun um 3,5 ppm.<\/p>\n\n\n\n<p class=\"has-black-color has-text-color has-link-color has-medium-font-size wp-elements-0df3c5777f7078388dc77dfe805620b2\">2. Im Jahr 2024 haben die W\u00e4lder und Ozeane weniger CO<sub>2 <\/sub>aufgenommen als in fr\u00fcheren Jahren.<\/p>\n\n\n\n<p class=\"has-black-color has-text-color has-link-color has-medium-font-size wp-elements-380534dbe261a87552e64d80ee9ad938\">3. Im Jahr 2025 haben Waldbr\u00e4nde in Europa so viel CO<sub>2<\/sub> freigesetzt wie nie seit Beginn der Messungen. Rund 12,9 Megatonnen Kohlenstoff wurden dabei in Europa bis zum 15. September allein durch Waldbr\u00e4nde verursacht. Den gr\u00f6\u00dften Anteil hatten laut Erdbeobachtungsdienst Copernicus dabei die Br\u00e4nde in Spanien und Portugal.<\/p>\n\n\n\n<p class=\"has-black-color has-text-color has-link-color has-medium-font-size wp-elements-adcb4c0c123d3e5164e295fd491f5af1\">4. Der Sachverst\u00e4ndigenrat f\u00fcr Umweltfragen (SRU) hat seine Berechnung des maximalen deutschen CO<sub>2<\/sub>-Budgets ab Anfang 2025 aktualisiert. Es best\u00e4tigt sich, dass das verbleibende deutsche Budget rasch schrumpft bzw. f\u00fcr die Temperaturobergrenze von 1,5 \u00b0C sogar schon verbraucht ist. Das Budget f\u00fcr maximal 1,75 \u00b0C Erw\u00e4rmung (mit 67 % Wahrscheinlichkeit einer Nicht-\u00dcberschreitung) ist zwar aktuell noch nicht ersch\u00f6pft, wird jedoch bei linearer Emissionsreduktion im Jahr 2033 aufgebraucht sein.<\/p>\n\n\n\n<p class=\"has-black-color has-text-color has-link-color has-medium-font-size wp-elements-25ba6b379f8d20be9776909eb24072e3\">5. Nach Aussage von Friederike Otto vom Imperial College London h\u00e4ngen Extremwetterereignisse linear mit der globalen Erw\u00e4rmung zusammen. Steigen die Temperaturen, ereignen sich fast proportional mehr Hitzewellen und \u00dcberschwemmungen und Co. Und die Temperatur steigt wiederum linear mit der atmosph\u00e4rischen Treibhausgaskonzentration. Das hei\u00dft: Emittieren wir keine zus\u00e4tzlichen Treibhausgase, stoppen wir die weitere Eskalation von Extremwetterereignissen. Das haben die Forschungen im Rahmen des Programms \u201eWorld Weather Attribution\u201c gezeigt, wo 111 Extremwettereignisse analysiert wurden.<\/p>\n\n\n\n<p class=\"has-black-color has-text-color has-link-color has-medium-font-size wp-elements-3420ac901a7f925fd1456ffdfb3bf4bf\">6. Nach dem Hamburger Volksentscheid mit dem Titel &#8222;Zukunftsentscheid\u201c soll die Hansestadt f\u00fcnf Jahre fr\u00fcher als bisher geplant klimaneutral werden, n\u00e4mlich bereits 2040.<\/p>\n\n\n\n<p class=\"has-black-color has-text-color has-link-color has-medium-font-size wp-elements-a6dadfe75d40cafde225d95e30a55f8b\">7. Weltweit ist im vergangenen Jahr Wald auf einer Fl\u00e4che so gro\u00df wie ungef\u00e4hr halb England zerst\u00f6rt worden. Die Fl\u00e4che, die dauerhaft verloren ging, vergr\u00f6\u00dferte sich im Vergleich zum Vorjahr um 1,7 auf 8,3 Millionen Hektar, wie der von Forschungsorganisationen und Verb\u00e4nden ver\u00f6ffentlichte Waldzustandsbericht zeigt. 2022 waren demnach 6,6 Millionen Hektar W\u00e4lder verloren gegangen.<\/p>\n\n\n\n<p class=\"has-black-color has-text-color has-link-color has-medium-font-size wp-elements-9ceb55a4669e0d03f50f1515d5f2df18\">8. Wie eine Auswertung von der World Weather Attribution &nbsp;und Climate Central zeigt, w\u00fcrde das Pariser Abkommen Stand jetzt 57 zus\u00e4tzliche hei\u00dfe Tage weltweit pro Jahr verhindern, zeigt Voraussetzung ist, dass alle Staaten ihre eingegangenen Verpflichtungen (NDCs) erf\u00fcllen.<\/p>\n\n\n\n<p class=\"has-black-color has-text-color has-link-color has-medium-font-size wp-elements-a643919c881734af04e4d5d694933b76\">9. Der \u201eGlobal Tipping Points Report 2025\u201c wurde ver\u00f6ffentlicht. F\u00fcr den Bericht \u00fcber die globalen Klimakipp-Punkte haben in diesem Jahr 163 Forscherinnen und Forscher aus 23 L\u00e4ndern zusammengearbeitet. Drei dieser Kippelemente mit wahrscheinlich irreversiblen Folgen sind das Absterben der Warmwasserkorallen, das Abschmelzen des Gr\u00f6nlandgletscher und des Antarktiseises. Letztere haben zur Folge den weiteren Anstieg des Meeresspiegels und des S\u00fc\u00dfwassereintrags ins regionale Meerwasser mit der Gefahr von \u00c4nderung der Meeresstr\u00f6mung.<\/p>\n\n\n\n<p class=\"has-black-color has-text-color has-link-color has-medium-font-size wp-elements-24180a81ee1669e9c7f0d2965c9dc5a4\">10. UN-Generalsekret\u00e4r Antonio Guterres bezeichnet das Verfehlen des 1,5-Grad-Klimaziels in den kommenden Jahren als &#8222;unvermeidlich&#8220;. Sollten Kipppunkte \u00fcberschritten werden, sieht Guterres &#8222;verheerende Konsequenzen\u201c (laut einem Interview mit dem britischen &#8222;Guardian&#8220;).<\/p>\n\n\n\n<p class=\"has-black-color has-text-color has-link-color has-medium-font-size wp-elements-04f487efea919dd03f8d9c89ae851c12\">11. Jamaika wird von einem \u201eJahrhundert-Hurrikan\u201c der h\u00f6chsten Kategorie 5 mit Spitzengeschwindigkeiten bis zu 280 km\/h erreicht. Er wird in den n\u00e4chsten Tagen abgeschw\u00e4cht nach Haiti, S\u00fcd-Kuba und die Bahamas weiterziehen. Nach Ansicht von Meteorologen sind k\u00fcnftig aufgrund der gestiegenen Meerestemperaturen nicht nur in der Karibik heftigere Wirbelst\u00fcrme zu erwarten.<\/p>\n\n\n\n<p class=\"has-secondary-color has-text-color has-link-color has-x-large-font-size wp-elements-60dd5dabe961c5cdda56684739542a93\"><strong>Klimachronik September 2025<\/strong><\/p>\n\n\n\n<p class=\"has-black-color has-text-color has-link-color has-medium-font-size wp-elements-e68067a02dc16f183f8bb55074683cd8\">1. Besonders betroffen von Extremwetterlagen werden St\u00e4dte sein, warnen Experten auf dem Extremwetterkongress in Hamburg. Der Klimawandel f\u00fchrt in Deutschland zu immer mehr Extremereignissen. &#8222;Wir beobachten eine beispiellose H\u00e4ufung von W\u00e4rmerekordjahren mit Blick auf das zur\u00fcckliegende Jahrzehnt&#8220;, erkl\u00e4rte Tobias Fuchs, Vorstandsmitglied beim Deutschen Wetterdienst, anl\u00e4sslich der Er\u00f6ffnung des Extremwetterkongresses. W\u00e4hrend es in den 1950er-Jahren beispielsweise noch drei sogenannte hei\u00dfe Tage mit einer Lufttemperatur \u00fcber 30 Grad gegeben habe, seien es in den zur\u00fcckliegenden zehn Jahren schon zw\u00f6lf gewesen.<\/p>\n\n\n\n<p class=\"has-black-color has-text-color has-link-color has-medium-font-size wp-elements-712197e87349fabb6ede6b6b6f066e7d\">2. Anders als die US-Regierung unter Donald Trump, der den Klimawandel als den gr\u00f6\u00dften Schwindel bezeichnet, den die Welt je gesehen h\u00e4tte, sieht die F\u00fchrung Chinas die Bedrohung durch die Erderw\u00e4rmung, plant eine Verringerung der Treibhausgase und den weiteren Ausbau der erneuerbaren Energien. Den chinesischen Pl\u00e4nen zufolge soll die installierte Leistung der Wind- und Solarenergieerzeugung 3.600 Gigawatt (GW) erreichen, was mehr als dem Sechsfachen des Stands von 2020 entspricht. Zum Vergleich: In Deutschland lag die installierte Leistung aus erneuerbaren Energien Ende 2024 laut Bundesnetzagentur bei knapp 190 GW.<\/p>\n\n\n\n<p class=\"has-secondary-color has-text-color has-link-color wp-elements-fe9e4d24976efc83900702090d8b8d10\"><strong>Klimachronik August 2025<\/strong><\/p>\n\n\n\n<p class=\"has-black-color has-text-color has-link-color has-medium-font-size wp-elements-50917eb0a9d99da93efaae80d813fed7\">1. In Andalusien registrieren die Orte Badajoz und C\u00f3rdoba nach Angaben der Wetterbeh\u00f6rde AEMET am Montag mit jeweils rund 42 Grad landesweit die h\u00f6chsten Temperaturen. In Madrid werden Temperaturen von bis zu 39 Grad gemessen. Ein Mann stirbt nach Beh\u00f6rdenangaben an den Folgen der Hitze. In diesem Jahr ist in Spanien insgesamt eine Fl\u00e4che von etwa 382.000 Hektar verbrannt, was etwa der Gr\u00f6\u00dfe von Mallorca entspricht. Tausende Menschen mussten H\u00e4user verlassen. Es seien die schlimmsten Waldbr\u00e4nde in Spanien seit fast 20 Jahren, sagt Ministerpr\u00e4sident Pedro S\u00e1nchez beim Besuch eines der Waldbrandgebiete, und sie h\u00e4tten mit dem Klimawandel zu tun. S\u00e1nchez will daraus Konsequenzen in Form eines nationalen Pakts gegen den Klimanotstand ziehen.<\/p>\n\n\n\n<p class=\"has-black-color has-text-color has-link-color has-medium-font-size wp-elements-75527232a17016d2084e620c7d691422\">2. Industrieverb\u00e4nde fordern finanzielle Absicherungen f\u00fcr die CO\u2082-Abscheidung und Transportinfrastruktur. Umweltverb\u00e4nde kritisieren den Vorsto\u00df.<\/p>\n\n\n\n<p class=\"has-black-color has-text-color has-link-color has-medium-font-size wp-elements-4e92b38486a189eb95c99b69ee277363\">3. Geothermie soll k\u00fcnftig \u201eim \u00fcberragenden \u00f6ffentlichen Interesse\u201c liegen: Ein Gesetzentwurf der Bundesregierung wird vom Bundesverband der Energie- und Wasserwirtschaft gelobt \u2013 und wegen des unzureichenden Schutzes des Trinkwassers kritisiert.<\/p>\n\n\n\n<p class=\"has-black-color has-text-color has-link-color has-medium-font-size wp-elements-60073ed129821ad7ef5406f47942a81b\">4. Frankreich k\u00e4mpft gegen riesige Feuer im S\u00fcden des Landes. Im D\u00e9partement Aude sind mehr als 17.000 Hektar betroffen. &#8222;Seit 1949 ist dies zweifellos das Feuer, das die meisten Hektar Land zerst\u00f6rt hat&#8220;, sagt Innenminister Bruno Retailleau am Einsatzort. In den Flammen kommt eine Frau ums Leben, mehr als ein Dutzend Menschen werden verletzt.<\/p>\n\n\n\n<p class=\"has-black-color has-text-color has-link-color has-medium-font-size wp-elements-2f43bee6b15e86074d1da290bf46f0b4\">5. Laut dem Eisforscher Wilfried Hagg von der Hochschule M\u00fcnchen hat Bayern in diesem Jahrtausend zwei Drittel seiner Gletscherfl\u00e4che verloren. Nach Angaben des Gletschermessnetzes Glamos hat sich das Volumen der Schweizer Gletscher seit 1950 nahezu halbiert \u2013 von 92,3 auf 46,5 Kubikkilometer. Seit mehr als zwei Jahrzehnten verzeichnen die Forscher in der gesamten Schweiz kein Jahr mit Gletscherzuwachs mehr<\/p>\n\n\n\n<p class=\"has-black-color has-text-color has-link-color has-medium-font-size wp-elements-b36c339ab71f359d5e0cb29f2c88b09b\">6. In S\u00fcdeuropa, von Portugal \u00fcber Spanien, Griechenland, Montenegro, Albanien bis zur T\u00fcrkei k\u00e4mpfen Feuerwehren gegen Waldbr\u00e4nde. Vielerorts sind die Br\u00e4nde au\u00dfer Kontrolle. Es herrschen Temperaturen um 40 Grad Celsius. Mehrere Todesopfer sind zu beklagen. &#8222;Es sieht aus wie der Weltuntergang&#8220;, sagt ein Feuerwehrmann, der in der N\u00e4he von Patras im Einsatz war. Auch Italien bleibt von der Hitze nicht verschont: In elf St\u00e4dten, darunter Rom und Mailand, wird die h\u00f6chste Alarmstufe ausgerufen.<\/p>\n\n\n\n<p class=\"has-black-color has-text-color has-link-color has-medium-font-size wp-elements-3f5bc56e9435c9d0d4a326ea5eaf6175\">7. Die f\u00fcr den Klimaschutz wichtige deutsche Wasserstoffstrategie droht zu scheitern. Bis 2030 sollten in Deutschland insgesamt zehn Gigawatt Produktionsleistung installiert sein, doch aktuell sind gerade einmal 1,6 Prozent dieses Ziels umgesetzt. Aktuell ist gr\u00fcner Wasserstoff rar und deutlich zu teuer. Viele Projekte stocken.<\/p>\n\n\n\n<p class=\"has-black-color has-text-color has-link-color has-medium-font-size wp-elements-9418999e4d49e90c5ea0668a40abc392\">8. Nach drei Wochen regnerischem und relativ k\u00fchlem Wetter liegt die zweite Hitzewelle dieses Jahres mit Temperaturen um 35 Grad Celsius \u00fcber Deutschland.<\/p>\n\n\n\n<p class=\"has-black-color has-text-color has-link-color has-medium-font-size wp-elements-a9de26ceb96a307cb13ecf495fb15fa5\">9. Von 401 deutschen Landkreisen leiden 201 aktuell unter Grundwasserstress. so eine Studie des Frankfurter Instituts f\u00fcr sozial-\u00f6kologische Forschung (ISOE) im Auftrag des BUND. Nach Mitteilung von Stefan Broda (Bundesanstalt f\u00fcr Geowissenschaften und Rohstoffe), der das Portal GRUVO f\u00fcr Grundwasserst\u00e4nde und Vorhersagen betreibt, erleben wir seit Februar in weiten Teilen Deutschlands eine sich kontinuierlich ausbreitende D\u00fcrre. Die Daten von etwa 2.000 Messstellen flie\u00dfen in seine Auswertung ein.<\/p>\n\n\n\n<p class=\"has-black-color has-text-color has-link-color has-medium-font-size wp-elements-bea04d11efa3280c92fbd46e4dd4f50c\">10. Gegen\u00fcber der Zeit vor der Corona-Pandemie haben sich die innerdeutschen Fl\u00fcge praktisch halbiert. Was aus Sicht des Klimaschutzes zu begr\u00fc\u00dfen ist, stellt f\u00fcr die Luftfahrt ein Alarmzeichen dar. Sie beklagt Abgaben und Einschr\u00e4nkungen. <\/p>\n\n\n\n<p class=\"has-secondary-color has-text-color has-link-color wp-elements-bca325b4a6621cd36369404ab3d64699\"><strong>Klimachronik Juli 2025<\/strong><\/p>\n\n\n\n<p class=\"has-black-color has-text-color has-link-color has-medium-font-size wp-elements-f8ec04f9296968ba840915f338575575\">1. Nachdem im Mai in der N\u00e4he des Schweizer Dorfs Blatten ein Berghang abrutschte, ist auch das Nachbardorf Kandersteg in Gefahr. Die kritische Stelle wird mit Drohnen und Messger\u00e4ten \u00fcberwacht. Der B\u00fcrgermeister f\u00fchrt diese Bedrohung auf die Folgen des Klimawandels samt Gletscherschmelze und Auftauen von Permafrostb\u00f6den zur\u00fcck.<\/p>\n\n\n\n<p class=\"has-black-color has-text-color has-link-color has-medium-font-size wp-elements-8fedbe26317f9a703311afe061c14455\">2. Eine Hitzewelle treibt das Thermometer mancherorts in Deutschland bis knapp unter die 40 Grad Marke. Ausgel\u00f6st wahrscheinlich durch Fahrl\u00e4ssigkeit, etwa durch weggeworfene Zigaretten, und beg\u00fcnstigt durch Trockenheit und D\u00fcrre sind mehrere Waldbr\u00e4nde in Sachsen, Th\u00fcringen und Brandenburg zu bek\u00e4mpfen.&nbsp;<\/p>\n\n\n\n<p class=\"has-black-color has-text-color has-link-color has-medium-font-size wp-elements-74e54497f3a9e3a43f06369ebeb23b1f\">3. Bis 2040 will die EU-Kommission 90 Prozent ihrer Emissionen reduzieren. Neu sind auch Klimazertifikate, mit denen EU-L\u00e4nder einen Teil ihres Aussto\u00dfes auf dem Papier kompensieren k\u00f6nnen. Bis 2030 ist eine Reduzierung um 55 Prozent vorgesehen, bis 2050 will die EU dann klimaneutral sein.&nbsp;<\/p>\n\n\n\n<p class=\"has-black-color has-text-color has-link-color has-medium-font-size wp-elements-da7c4cd84a210575081913abb90000d9\">4. Die Wissenschaftler des Imperial College, London ermitteln die Folgen der zehn Tage Hitze vom 23. Juni bis zum 2. Juli 2025 in zw\u00f6lf europ\u00e4ischen St\u00e4dten. Da die Temperaturen h\u00f6her stiegen als in der Vergangenheit, h\u00e4tten sie noch mehr Menschenleben gefordert, vor allem in der Altersgruppe ab 65 Jahren. Die Erderw\u00e4rmung sei f\u00fcr 1500 zus\u00e4tzliche Todesf\u00e4lle verantwortlich. Der Klimawandel sorge auch daf\u00fcr, dass k\u00fcnftig vermehrt mit solchen Hitzewellen zu rechnen sei, die zudem fr\u00fcher einsetzten als erst im Juli oder August.<\/p>\n\n\n\n<p class=\"has-black-color has-text-color has-link-color has-medium-font-size wp-elements-012fc612c8e6eb690f4463324dc43935\">5. Als der Guadelupe River in Texas infolge eines Starkregens innerhalb einer Dreiviertelstunde um 8 Meter steigt, kommen \u00fcber 109 Menschen um Leben, darunter Kinder eines Feriencamps. Weil am 9. Juli noch weit mehr Menschen vermisst sind und die Suche andauert, ist mit vielen weiteren Toten zu rechnen.&nbsp;<\/p>\n\n\n\n<p class=\"has-black-color has-text-color has-link-color has-medium-font-size wp-elements-88bd17d17a62288885d1a0fbf4cda162\">6. Hitzewelle in S\u00fcdeuropa. Waldbr\u00e4nde w\u00fcten in S\u00fcdfrankreich (Marseille, Narbonne) und im Nordosten Spaniens, wo ein Feuerwehrmann t\u00f6dlich verungl\u00fcckt.<\/p>\n\n\n\n<p class=\"has-black-color has-text-color has-link-color has-medium-font-size wp-elements-72eae000598f0ad24c69b95078af2b0d\">7. Nach heftigen Unwettern und \u00dcberschwemmungen werden in der spanischen Region Katalonien, in Cubelles, zwei Menschen vermisst, die offenbar von einem Fluss mitgerissen wurden. In einigen Orten Kataloniens fallen innerhalb weniger Stunden mehr als 100 Liter Regen pro Quadratmeter.<\/p>\n\n\n\n<p class=\"has-black-color has-text-color has-link-color has-medium-font-size wp-elements-6e6d0e669d0232fe239d0b191f00f634\">8. Die Elbe weist in Magdeburg nach einem \u00fcberdurchschnittlich trocknen Fr\u00fchjahr den niedrigsten, jemals gemessenen Wasserstand auf. Die Schifffahrt auf der Elbe ist wegen Niedrigwasser stark eingeschr\u00e4nkt.<\/p>\n\n\n\n<p class=\"has-black-color has-text-color has-link-color has-medium-font-size wp-elements-05ac528cb83da50db11443960e9f86b8\">9. Wegen Temperaturen von teilweise \u00fcber 40 Grad Celsius gilt f\u00fcr die Hauptstadt Athen und weitere Teile Griechenlands, dass zwischen 12 und 17 Uhr nicht im Freien gearbeitet werden darf &#8211; dazu geh\u00f6ren T\u00e4tigkeiten auf Baustellen oder in der Landwirtschaft aber auch Lieferverkehr. Bei Athen brennen Ende Juli mehrere H\u00e4user nieder und zwei Ortschaften n\u00f6rdlich der Stadt m\u00fcssen evakuiert werden.<\/p>\n\n\n\n<p class=\"has-black-color has-text-color has-link-color has-medium-font-size wp-elements-03ea2a0c67e7a9ea0067c9ed3beacb06\">10. Auf Hawaii messen Wissenschaftler seit 1958 den CO\u2082-Gehalt der Atmosph\u00e4re. US-Pr\u00e4sident Trump will nun das Mauna-Loa-Observatorium schlie\u00dfen. Im M\u00e4rz 1958 ma\u00df das Forscherteam von Charles David Keeling 313 ppm (parts per million), also 313 Molek\u00fcle CO\u2082 pro Million Luftmolek\u00fcle. Im Juni 2025 ermittelte das heutige Forscherteam um seinen Sohn und gegenw\u00e4rtigen Forschungsleiter Ralph Keeling durchschnittlich 429,61 ppm CO\u2082, die h\u00f6chste Konzentration dieses Treibhausgases seit rund 14 Millionen Jahren.<\/p>\n\n\n\n<p class=\"has-black-color has-text-color has-link-color has-medium-font-size wp-elements-6b7dc48c963c90a8dc8badc83b318ea4\">11. Der Internationale Gerichtshof in Den Haag (IGH) erkl\u00e4rt auf Klage des pazifischen Inselstaats Vanuatu den Schutz vor dem Klimawandel zum Menschenrecht. Das 1,5-Grad-Ziel aus dem Paris-Abkommen sei v\u00f6lkerrechtlich verbindlich, befand der IGH. Und die Mittel, um es einzuhalten, st\u00fcnden keineswegs im Belieben der Staaten, sondern m\u00fcssten tauglich sein, um das Ziel zu erreichen. Damit ebnet der IGH den Weg f\u00fcr Klagen von L\u00e4ndern, die vom Klimawandel betroffen sind.<\/p>\n\n\n\n<p class=\"has-black-color has-text-color has-link-color has-medium-font-size wp-elements-3a1028aabd536e5371e8dbd1aa4bf821\">12. Am 24. Juli 2025 hat die Menschheit alle nat\u00fcrlichen Ressourcen bereits verbraucht, die die Erde innerhalb eines Jahres regenerieren kann.<\/p>\n\n\n\n<p class=\"has-black-color has-text-color has-link-color has-medium-font-size wp-elements-edaf3983b8d13cba33d77e766ea488a2\">13. Heftige Waldbr\u00e4nde in der T\u00fcrkei kosten zehn Feuerm\u00e4nnern, die von den Flammen eingeschlossen werden, das Leben. Eine Hitzewelle mit Temperaturen von bis zu 40 Grad Celsius rollt \u00fcber das Land hinweg. worden. In Silopi im S\u00fcdosten wird sogar die Rekord-Temperatur von 50,5 Grad Celsius erreicht. Im Nordosten m\u00fcssen 18 Ortschaften evakuiert werden.<\/p>\n\n\n\n<p class=\"has-black-color has-text-color has-link-color has-medium-font-size wp-elements-d36dc98d8f13cc6b6cfed4097fe6eff0\">14. Mehr als 80 Prozent der 10.643 Bewohner des pazifischen Inselstaats Tuvalu haben Klima-Asyl in Australien beantragt. Bis zum Annahmeschluss am 18.Juli hat es 8.750 Anmeldungen zu dem neuen Aufnahmeprogramm gegeben, aber nur 280 Visa werden in diesem Jahr vergeben.<\/p>\n\n\n\n<p class=\"has-black-color has-text-color has-link-color has-medium-font-size wp-elements-bca5a392b6f2547a4415e7f3a4c8d25c\">15. Die EU hat den USA den Kauf enormer Mengen von Energietr\u00e4gern, von Erd\u00f6l, Erdgas und Kernbrennstoffen im Wert von 750 Mrd. Doller im Zeitraum von drei Jahren zugesagt. Dazu muss der Jahresimport in etwa verdreifacht werden. Diese Unmengen fossiler Energien werden die europ\u00e4ische Energie- und Klimawende erschweren.<\/p>\n\n\n\n<p class=\"has-secondary-color has-text-color has-link-color wp-elements-8102207306d6b0215ed37154c0584bad\"><strong>Klimachronik Juni 2025<\/strong><\/p>\n\n\n\n<p class=\"has-black-color has-text-color has-link-color has-medium-font-size wp-elements-75908bfdb24f6c92e952deca2d029653\">1. In weiten Teilen Kanadas lodern unkontrollierte Waldbr\u00e4nde. Manche Orte m\u00fcssen evakuiert werden, in den Provinzen Manitoba und Saskatchewan wird der Notstand ausgerufen. Dem Canadian Interagency Forest Fire Centre (CIFFC) zufolge brennen rund 200 Feuer auf einer Fl\u00e4che von fast 20.000 Quadratkilometern, das entspricht etwa der Fl\u00e4che von Hessen. Die Flammen sind sogar vom All aus zu sehen. Der Rauch gelangt durch den Jetstream bis nach Europa, so dass die kanadischen Waldbr\u00e4nde auch den Himmel \u00fcber Deutschland und Frankreich tr\u00fcben.<\/p>\n\n\n\n<p class=\"has-black-color has-text-color has-link-color has-medium-font-size wp-elements-244929f8fc746fe977ff32cbecb6bfe7\">2. Effektiver Klimaschutz w\u00fcrde sich nach einer aktuellen Studie der OECD und des UN-Entwicklungsprogramms UNDP auch wirtschaftlich lohnen, da Sch\u00e4den des Klimawandels h\u00f6her ausfielen als der Aufwand bei den Schutzma\u00dfnahmen, besonders in der zweiten H\u00e4lfte des Jahrhunderts.<\/p>\n\n\n\n<p class=\"has-black-color has-text-color has-link-color has-medium-font-size wp-elements-697e6c70a7d500c2a1e569188fff7dfc\">3. Der Zustand der deutschen W\u00e4lder bleibt angesichts von Hitze, Trockenheit und Sch\u00e4dlingen ernst. 80 Prozent der Fichten, Kiefern, Buchen und Eichen sind krank, so das Bundesagrarministerium. Der Anteil der gesunden B\u00e4ume hat sich in den letzten 40 Jahren fast halbiert und ist mittlerweile auf 21 Prozent gesunken.<\/p>\n\n\n\n<p class=\"has-black-color has-text-color has-link-color has-medium-font-size wp-elements-0d2a7d86452477ce4cab3b680d92d505\">4. Die deutsche Autoindustrie macht Druck auf die EU, die Klimavorgaben zu verw\u00e4ssern. In einem Zehn-Punkte-Papier fordert der \u201eVerband der Automobilindustrie\u201c (VDA), das Verbrennerverbot 2035 de facto aufzuheben. Bisher ist vorgegeben, dass nach 2035 keine neuen Fahrzeuge mit Verbrennungsmotor in der EU mehr zugelassen werden d\u00fcrfen, au\u00dfer sie fahren mit E-Fuels.<\/p>\n\n\n\n<p class=\"has-black-color has-text-color has-link-color has-medium-font-size wp-elements-44ff1d5f42d662459b93fc5a6844e28d\">5. Nach einem Bericht der Organisation f\u00fcr wirtschaftliche Zusammenarbeit und Entwicklung (OECD) kamen um 1900 weltweit noch bei gut einem Zehntel der Fl\u00e4chen D\u00fcrren vor &#8211; mittlerweile ist dies auf mehr als einem F\u00fcnftel der Landfl\u00e4che der Fall.<\/p>\n\n\n\n<p class=\"has-black-color has-text-color has-link-color has-medium-font-size wp-elements-0cf359d1cd39d0815aebe605fcb0a6d4\">6. Heftige Sturmb\u00f6en des Sturmtiefs Ziros verursachen in Berlin zahlreiche Unf\u00e4lle und mehr als 500 Feuerwehreins\u00e4tze. Der S-Bahn-Verkehr muss zeitweilig eingestellt werden.&nbsp;Eine Person kommt ums Leben gekommen, drei weitere werden lebensgef\u00e4hrlich verletzt.<\/p>\n\n\n\n<p class=\"has-black-color has-text-color has-link-color has-medium-font-size wp-elements-eec04886509858022e85dfa4b5d75f58\">7. Die neue Bundesministerin f\u00fcr Wirtschaft und Energie, Katherina Reiche, stellt beim \u00bbTag der Industrie\u00ab das deutsche Ziel der Klimaneutralit\u00e4t bis 2045 infrage. Aus Reiches Sicht w\u00e4re es besser, nur das EU-weite Ziel 2050 anzustreben. Daraufhin kommt scharfe Kritik von den Gr\u00fcnen, die von einer \u201eBankrotterkl\u00e4rung der Energieministerin in der Klimapolitik\u201c sprechen.<\/p>\n\n\n\n<p class=\"has-black-color has-text-color has-link-color has-medium-font-size wp-elements-7ba68ad62b2d524626802af7791989f8\">8. Entgegen der Ank\u00fcndigung im Koalitionsvertrag soll jetzt die Stromsteuer nicht \u201ef\u00fcr alle\u201c gesenkt werden, sondern nur f\u00fcr Industrie und Landwirtschaft, aber weder f\u00fcr Verbraucher noch f\u00fcr das Handwerk. Hingegen will die Bundesregierung die Gasspeicherumlage reduzieren, was den Verbrauch dieses fossilen, klimasch\u00e4dlichen Brennstoffs beg\u00fcnstigt.<\/p>\n\n\n\n<p class=\"has-black-color has-text-color has-link-color has-medium-font-size wp-elements-edbc72f15d621d95108d8781cbaa71a3\">9. Eine Hitzewelle erfasst die Mitte und den S\u00fcden Europas. In Spanien (El Granado, Andalusien) werden 46 Grad Celsius gemessen.<\/p>\n\n\n\n<p class=\"has-secondary-color has-text-color has-link-color wp-elements-3aca5570a8cb14a2aac588298f445e29\"><strong>Klimachronik Mai 2025<\/strong><\/p>\n\n\n\n<p class=\"has-black-color has-text-color has-link-color has-medium-font-size wp-elements-d25fea8ca3acc68205e2963ce743d005\">1. Deutschlands Konto f\u00fcr erneuerbare Ressourcen der Erde ist f\u00fcr dieses Jahr bereits am 3. Mai aufgebraucht. W\u00fcrden alle Menschen so viele nat\u00fcrliche Rohstoffe verbrauchen und CO<sub>2<\/sub> aussto\u00dfen wie die Deutschen, br\u00e4uchte die Menschheit knapp drei Erden. Diesen sogenannten Erd\u00fcberlastungstag berechnet das internationale Forschungsnetzwerk zur F\u00f6rderung der Nachhaltigkeit, Global Footprint Network. Letztes Jahr lag der deutsche &#8222;Erd\u00fcberlastungstag&#8220; einen Tag fr\u00fcher, am 2. Mai 2024.<\/p>\n\n\n\n<p class=\"has-black-color has-text-color has-link-color has-medium-font-size wp-elements-d96e5dce539921526e33f0219fef09f5\">2. Bekanntlich haben wohlhabende Menschen einen \u00fcberdurchschnittlich gro\u00dfen CO<sub>2<\/sub>-Fu\u00dfabdruck. Nach einer Studie im Fachmagazin \u00bbNature Climate Change\u00ab sind die reichsten zehn Prozent der Weltbev\u00f6lkerung f\u00fcr zwei Drittel der Erderw\u00e4rmung seit 1990 verantwortlich.<\/p>\n\n\n\n<p class=\"has-black-color has-text-color has-link-color has-medium-font-size wp-elements-60eac65184c15ec5bea8f93ba2914307\">3. Der neue Bundeskanzler Friedrich Merz bekennt sich in seiner ersten Regierungserkl\u00e4rung zu den deutschen und europ\u00e4ischen Klimazielen. Dabei ist f\u00fcr ihn die Speicherung von Kohlendioxid zentral, um diese Ziele zu erreichen.<\/p>\n\n\n\n<p class=\"has-black-color has-text-color has-link-color has-medium-font-size wp-elements-acfa26342edec98f6825251b938a83aa\">4. Nach einem trockenen Winter und dem sehr trockenen Fr\u00fchling besteht ein gro\u00dfes Niederschlagsdefizit. An der Donau und am Rhein sind die Pegelst\u00e4nde sehr niedrig. Der Helmholtz-D\u00fcrremonitor verzeichnet vor allem in Norddeutschland eine au\u00dfergew\u00f6hnlich hohe Bodentrockenheit im Oberboden, also in der obersten, f\u00fcr den Ackerbau entscheidenden Schicht.&nbsp;<\/p>\n\n\n\n<p class=\"has-black-color has-text-color has-link-color has-medium-font-size wp-elements-d492087a7d4226f4a47170576aa0ba94\">5. Nach dem Pr\u00fcfbericht des Expertenrats f\u00fcr Klimafragen wurden das Emissionsziel des Klimaschutzgesetzes 2024 in Summe eingehalten aufgrund der deutlichen Unterschreitung bei der Industrie, sowie im Energiesektor und trotz der \u00dcberschreitungen in den Sektoren Verkehr und Geb\u00e4ude. Bei der Prognose bzw. \u201eProjektion\u201c auf Grundlage der aktuellen Klimaschutz-Ma\u00dfnahmen bis 2040 und 2045 sei allerdings eine Zielverfehlung zu erwarten. Deutschland ist&nbsp;mit seiner Klimapolitik also derzeit nicht auf dem Weg zur Klimaneutralit\u00e4t. &nbsp;<\/p>\n\n\n\n<p class=\"has-black-color has-text-color has-link-color has-medium-font-size wp-elements-fd7d0d098137e6d63e5e3ad740b2256b\">6. Starkregen, \u00dcberschwemmungen, Sturm und Hagel haben 2024 in Deutschland versicherte Sch\u00e4den in H\u00f6he von 5,7 Milliarden Euro verursacht \u2013 etwa so viel wie im Jahr 2023. Das geht aus der j\u00e4hrlichen Naturgefahrenstatistik des Gesamtverbands der Versicherer (GDV) hervor. Besonders betroffen war S\u00fcddeutschland.<\/p>\n\n\n\n<p class=\"has-secondary-color has-text-color has-link-color wp-elements-5a84d619b6c6597b82e684f39b8ef42f\"><strong>Klimachronik April 2025<\/strong><\/p>\n\n\n\n<p class=\"has-black-color has-text-color has-link-color has-medium-font-size wp-elements-fddaca408035496c79853d58a7ef0336\">1. Der Anstieg der Temperaturen hat sich in Deutschland laut Deutschem Wetterdienst (DWD) in den vergangenen Jahren beschleunigt. Mit 10,9 Grad im Jahresmittel war 2024 das bisher w\u00e4rmste Jahr seit Messbeginn. Temperaturen, die vor 1990 noch extrem waren, seien heute weitgehend normal. Die zehn w\u00e4rmsten Jahre seit 1881 erlebte Deutschland in den vergangenen 25 Jahren. Seit Ende des 19. Jahrhunderts hat sich das Land nach neuen Berechnungen um 2,5 Grad erw\u00e4rmt hat, mehr als ein Grad \u00fcber dem globalen Trend.<\/p>\n\n\n\n<p class=\"has-black-color has-text-color has-link-color has-medium-font-size wp-elements-1e1acc7ba5d876bbc451d0143141b35d\">2. Weltweit gibt es mehr als 275.000 Gletscher. Seit 1975 haben sie etwa 9.000 Milliarden Tonnen Eis verloren. Auch in Mitteleuropa gingen 39 % der Gletschermasse zwischen 2000 und 2023 verloren.<\/p>\n\n\n\n<p class=\"has-black-color has-text-color has-link-color has-medium-font-size wp-elements-82dbed82d05fdf57492989d685810b45\">3. Laut Bundesverband Solarwirtschaft (BSW-Solar) gibt es hierzulande mittlerweile 5 Millionen Solarstromanlagen mit zusammen 104 Gigawatt Photovoltaik Leistung, die etwa 15 Prozent des deutschen Strombedarfs decken. Etwa zwei Drittel dieser Leistung ist auf D\u00e4chern von Eigenheimen oder Firmen installiert, 32 Prozent entfallen auf Freifl\u00e4chenanlagen.<\/p>\n\n\n\n<p class=\"has-black-color has-text-color has-link-color has-medium-font-size wp-elements-ff63d0e104c68259d6c2336b6a2514d0\">4. Das trockene Fr\u00fchjahr mit wenig Regen f\u00fchrt dazu, dass in Teilen des Bodensees der Wasserstand so niedrig ist, wie seit 40 Jahren nicht mehr. Ausflugsschiffe k\u00f6nnen nicht mehr alle H\u00e4fen anfahren. Auch auf dem Rhein ist die Schifffahrt eingeschr\u00e4nkt. Einige Schiffe k\u00f6nnen nur zur H\u00e4lfte beladen werden. Neben den geringen Regenf\u00e4llen fehlt es auch an Schmelzwasser.<\/p>\n\n\n\n<p class=\"has-black-color has-text-color has-link-color has-medium-font-size wp-elements-8bc9e80a3587dae05eb476fb9daa89cb\">5. Mitgliedsstaaten der UN-Organisation International Maritime Organization (IMO) haben eine Mindeststeuer auf die Emission von Treibhausgasen im globalen Schiffsverkehr beschlossen. Fr\u00fchestens ab 2028 sollen 100 US-Dollar (rund 88 Euro) pro emittierte Tonne Kohlendioxid erhoben werden. Die Abgabe wird f\u00e4llig, wenn die verantwortlichen L\u00e4nder keine ausreichenden Beitr\u00e4ge zum Netto-null-Fonds der IMO geleistet haben und ihre Schiffe einen bestimmten CO2-Grenzwert nicht einhalten.<\/p>\n\n\n\n<p class=\"has-black-color has-text-color has-link-color has-medium-font-size wp-elements-746b3c7048280866ccd64fdd151c59d4\">6. Prognosen der US-amerikanischen Organisation Climate Central zeigen auf, wie sich eine Erderw\u00e4rmung von 1,5 Grad und von 3 Grad Celsius in der Zukunft jeweils auf den Meeresspiegel auswirken w\u00fcrde. So w\u00e4ren auch viele Urlaubsorte an der Ostsee von \u00dcberflutung bedroht. Beim 3-Grad-Szenario, das dem derzeitigen Trend entspricht, bliebe etwa von der Insel Hiddensee nur der Kopfteil im Norden \u00fcbrig.<\/p>\n\n\n\n<p class=\"has-black-color has-text-color has-link-color has-medium-font-size wp-elements-3ce8c0c1c10ae77f66b8d8500f6cb03b\">7. Nach dem Bericht \u201eEuropean State of Climate\u201d erw\u00e4rmt sich Europa so schnell wie keine andere Region. Hitzewellen werden so beg\u00fcnstigt. 2024 traf es insbesondere den Balkan und Griechenland. Auch das Mittelmeer war mit einer durchschnittlichen Oberfl\u00e4chentemperatur von 21,5 Grad Celsius so warm wie nie zuvor. Das hat wahrscheinlich zu Starkregen und den massiven \u00dcberschwemmungen in \u00d6sterreich, Tschechien und Polen vom September 2024 beigetragen. EU-weit kamen mindestens 335 Menschen bei St\u00fcrmen und \u00dcberschwemmungen ums Leben. Die Zahl der hitzebedingten Todesf\u00e4lle 2024 liegt noch nicht vor, die f\u00fcr 2023 in Europa wird auf 47.000 gesch\u00e4tzt.<\/p>\n\n\n\n<p class=\"has-black-color has-text-color has-link-color has-medium-font-size wp-elements-e617357c0acc6345b43a3b7b05dc4ff8\">8. Die weltweiten Milit\u00e4rausgaben sind 2024 auf 2.718 Milliarden US-Dollar gestiegen und damit um mehr als eine Billion US-Dollar h\u00f6her als die f\u00fcr Klimaschutz und Klimaanpassung.<\/p>\n\n\n\n<p class=\"has-secondary-color has-text-color has-link-color wp-elements-e45c439909668fe349074acc00b0d3e1\"><strong>Klimachronik M\u00e4rz 2025<\/strong><\/p>\n\n\n\n<p class=\"has-black-color has-text-color has-link-color has-medium-font-size wp-elements-de8a0d3ef46dde4fad73a7520fb468eb\">1. Die argentinische Hafen-Stadt Bah\u00eda Blanca mit seinen 330.000 Einwohnern wird von einem schweren Unwetter heimgesucht. Stra\u00dfen, H\u00e4user und Krankenh\u00e4user werden \u00fcberflutet. Mindestens 16 Menschen kommen ums Leben, mehr als 100 sind am 10.3. noch vermisst. Binnen acht Stunden war so viel Regen gefallen wie sonst in einem Jahr.<\/p>\n\n\n\n<p class=\"has-black-color has-text-color has-link-color has-medium-font-size wp-elements-1d786165d8aa843f7c26e7e32da127cf\">2. In der Datenbank \u201eCarbon Majors\u201c werden die historischen Emissionen der 180 weltweit gr\u00f6\u00dften \u00d6l-, Gas-, Kohle- und Zementproduzenten erfasst. Ergebnis einer Analyse: 36 Energiekonzerne verursachen die H\u00e4lfte der weltweiten CO\u2082-Emissionen<\/p>\n\n\n\n<p class=\"has-black-color has-text-color has-link-color has-medium-font-size wp-elements-0d8107fea6fd5f63a26a8c6a16c7de5f\">3. Die EU will den Auto-Herstellern mehr Zeit geben, um die CO\u2082-Flottengrenzwerte f\u00fcr Neuwagen zu erreichen. F\u00fcr 2025 w\u00e4ren das im Durchschnitt 93,6 g CO\u2082 pro Fahrzeugkilometer. Nun soll daf\u00fcr bis 2027 Zeit sein.<\/p>\n\n\n\n<p class=\"has-black-color has-text-color has-link-color has-medium-font-size wp-elements-0473fc3bd00679e816960bb0595a4e9c\">4. F\u00fcr das Fr\u00fchjahr ungew\u00f6hnliche heftige Regenf\u00e4lle (\u201eStarkregen\u201c) gehen in der Emilia-Romagna und der Toscana nieder. Betroffen sind auch die St\u00e4dte Florenz, Ravenna und Bologna. Zwar werden Sachsch\u00e4den H\u00f6he von 100 Mio. Euro erwartet, von Todesf\u00e4llen ist aber nichts bekannt. 2023 kamen einem \u00e4hnlichen Extremwetter 17 Menschen ums Leben.<\/p>\n\n\n\n<p class=\"has-black-color has-text-color has-link-color has-medium-font-size wp-elements-967913668b40246a2118f3dc52295d1b\">5. Mehr als 10.700 Wissenschaftlerinnen und Wissenschaftler unterzeichnen einen offenen Appell von Scientist for Future (S4F), in dem sie von der k\u00fcnftigen Regierung st\u00e4rkere Bekenntnisse zum Klimaschutz fordern.<\/p>\n\n\n\n<p class=\"has-black-color has-text-color has-link-color has-medium-font-size wp-elements-ae9b030ab3c1b161fe3693a13b473c92\" style=\"line-height:1.5\">6. Bundestag und Bundesrat haben die Lockerung der Schuldenbremse und ein gewichtiges Infrastrukturpaket verabschiedet. Von den insgesamt 500 Mrd. Euro werden 100 Mrd. auf Forderung von B\u00fcndnis 90 \/ Gr\u00fcnen f\u00fcr den Klimaschutz- und Transformationsfonds reserviert. Gleichzeitig wird das Ziel der Klimaneutralit\u00e4t bis 2045 als neuer Paragraph 143h im Grundgesetz verankert.<br><\/p>\n\n\n\n<p class=\"has-black-color has-text-color has-link-color has-medium-font-size wp-elements-a52da33c1f5d7727b231985a15177296\" style=\"line-height:1.5\">7. Das Tiefdruckgebiet \u201eMartinho\u201c sorgt in Portugal und Spanien f\u00fcr heftige Regenf\u00e4lle und \u00dcberschwemmungen mit Schwerpunkt im Raum von Madrid. Es hat das Tiefdruckgebiet \u201eLaurence\u201c abgel\u00f6st, das vor allem in den s\u00fcdspanischen Regionen Andalusien und Murcia \u00dcberschwemmungen verursacht hatte. Mindestens zwei Menschen kamen dabei Beh\u00f6rdenangaben zufolge ums Leben.<br><\/p>\n\n\n\n<p class=\"has-black-color has-text-color has-link-color has-medium-font-size wp-elements-bfb20170bc23acda96ee3a64211ecebb\" style=\"line-height:1.5\">8. Seit fast 50 Jahren wird die Fl\u00e4che des Meereises in der Arktis gemessen. Die US-Klimabeh\u00f6rde NSIDC (National Snow and Ice Data Center) geht davon aus, dass das Meereis 2025 zum Stichtag am 22. M\u00e4rz seine gr\u00f6\u00dfte Ausdehnung erreicht hatte. Die lag allerdings nur bei rund 14,33 Millionen Quadratkilometern, das ist bisheriger Negativrekord.<br><\/p>\n\n\n\n<p class=\"has-black-color has-text-color has-link-color has-medium-font-size wp-elements-61b8f9f28438313c80286dc27aaab58e\" style=\"line-height:1.5\">9. Auch die Festlandgletscher schmelzen weiter. In einem Jahr geht laut einer Studie der Schweizer Universit\u00e4t Fribourg so viel Gletschereis verloren, dass es dem Wasserverbrauch der Weltbev\u00f6lkerung innerhalb von 30 Jahren entspricht.<\/p>\n\n\n\n<p class=\"has-secondary-color has-text-color has-link-color wp-elements-ad125f65b50dc578094431ea3662718d\"><strong>Klimachronik Februar 2025<\/strong><\/p>\n\n\n\n<p class=\"has-black-color has-text-color has-link-color has-medium-font-size wp-elements-ec732041cbb18500b3b49e2463c14d5c\">1. Nach den Zahlen des Bundesverbandes der Deutschen Heizungsindustrie (BDH) setzt Deutschland bei der W\u00e4rmeerzeugung weiter auf fossile Energietr\u00e4ger. 2024 wurden 495.000 Gas- und \u00d6lkessel verkauft, die nun 20-30 Jahre lang CO\u2082 emittieren, aber nur 193.000 klimafreundliche W\u00e4rmepumpen. Insgesamt sei mit 712.500 verkauften W\u00e4rmerzeugern ein deutlicher Absatzr\u00fcckgang gegen\u00fcber dem Vorjahr festzustellen.<\/p>\n\n\n\n<p class=\"has-black-color has-text-color has-link-color has-medium-font-size wp-elements-ef8953d9cf52809588fadfaeca24baa8\">2. Nach einer in \u201eScience\u201c ver\u00f6ffentlichten Studie hat sich die Schmelzrate von Eis in der Arktis seit den 80er Jahren versechsfacht. Die Temperaturen steigen dort viermal schneller als globalen Durchschnitt. Das betrifft neben dem Meereis auch die Permafrostb\u00f6den an Land. Etwa ein Drittel der arktischen Landfl\u00e4che ist inzwischen zur Quelle von Treibhausgasen geworden.<\/p>\n\n\n\n<p class=\"has-black-color has-text-color has-link-color has-medium-font-size wp-elements-4db560c0ca0f068018247451ff899ba5\">3. Laut dem Zweijahresgutachten des von der Bundesregierung eingesetzten Expertenrats f\u00fcr Klimafragen sind die Treibhausgasemissionen w\u00e4hrend der Ampelregierung zwar gesunken, aber nicht mit der notwenigen Geschwindigkeit, um das geplante Minus von 65 % gegen\u00fcber 1990 zu schaffen. Die Emissionen m\u00fcssten statt momentan um 26 Mio. um j\u00e4hrlich 39 Mio. Tonnen zur\u00fcckgehen. Beim Verkehr seien die Treibhausgase seit 2021 sogar leicht gestiegen. Zugleich wird vor einem Rollback bei laufenden Ma\u00dfnahmen, zum Beispiel vor einer R\u00fccknahme des \u201eHeizungsgesetzes\u201c gewarnt.<\/p>\n\n\n\n<p class=\"has-black-color has-text-color has-link-color has-medium-font-size wp-elements-55d8e52fb76f32e01fec1ca5a050eeff\">4. Bis Ende 2024 hat die KfW Bank 227 000 F\u00f6rderantr\u00e4ge mit einem Gesamtvolumen von rund 3,3 Milliarden Euro bewilligt, vor allem f\u00fcr W\u00e4rmepumpen. Allein im Dezember gab es hier fast 46.000 F\u00f6rderzusagen und damit fast ein Viertel der insgesamt bewilligten 192.406 Antr\u00e4ge von 2024. Die KfW betonte, dass die F\u00f6rderung auf Grundlage des massiv kritisierten Heizungsgesetzes \u201egut angenommen werde\u201c. Auch seien aktuell noch F\u00f6rdergelder vorhanden.<\/p>\n\n\n\n<p class=\"has-black-color has-text-color has-link-color has-medium-font-size wp-elements-c32bfbb114d05a04b9d4fd81f11d1835\">5. Batteriegro\u00dfspeicher erleben einen Boom in Deutschland. Sie k\u00f6nnen in Sekunden, schneller als Kraftwerke, die volle Leistung bereitstellen, sind rasch errichtet und gelten als hochprofitabel. Die Kapazit\u00e4t von Gro\u00dfspeichern in Deutschland k\u00f6nnte bis 2026 auf sieben Gigawattstunden (GWh) anwachsen. Dies entspr\u00e4che einer Verf\u00fcnffachung der derzeitigen Kapazit\u00e4ten von 1,8 GWh. Derzeit \u00fcberwiegen noch die privaten Solarstromspeicher mit 13 GWh.<\/p>\n\n\n\n<p class=\"has-black-color has-text-color has-link-color has-medium-font-size wp-elements-1fefb4e0c9d026434a657b5e5e44f368\">6. Die neue US-Regierung hat den \u201enationalen Energienotstand\u201c ausgerufen, um die Gewinnung fossiler Brennstoffe zu beschleunigen, die Finanzierung erneuerbarer Energien eingefroren, die Worte \u201eKlimawandel\u201c von offiziellen Websites gestrichen und Tausende von Bundesbediensteten entlassen, darunter 200 Mitarbeiter bei der Beh\u00f6rde f\u00fcr Katastrophenschutz FEMA, die bei Hurrikans und Waldbr\u00e4nden zum Einsatz kommen.<\/p>\n\n\n\n<p class=\"has-black-color has-text-color has-link-color has-medium-font-size wp-elements-e4ffa9c2b8c283b1dc25e1c39ec0fd5b\">7. Rio de Janeiro leidet unter einer Hitzewelle mit Rekordtemperaturen bis 44 Grad Celsius.<\/p>\n\n\n\n<p class=\"has-black-color has-text-color has-link-color has-medium-font-size wp-elements-a6eadfaf2bfdd218624ff9f26820c6f5\">8. Jochem Marotzke vom Max-Planck-Institut f\u00fcr Meteorologie in Hamburg warnt vor den Folgen des Klimawandels: Es seien h\u00e4ufigere und intensivere Hitzewellen, zunehmende Starkniederschl\u00e4ge sowie ein erh\u00f6htes Risiko von D\u00fcrren und \u00dcberschwemmungen. Schnelles Handeln sei notwendig, um noch unter zwei Grad Erderw\u00e4rmung zu bleiben, aber die Politik verschl\u00f6sse davor die Augen.<\/p>\n\n\n\n<p class=\"has-black-color has-text-color has-link-color has-medium-font-size wp-elements-ec4cf5254a6b1657321eb07b1ccdbbdb\">9. Schon bisher waren neugebaute Anlagen zur Erzeugung von \u00d6kostrom h\u00e4ufig g\u00fcnstiger als solche mit fossilen Energien. Mittlerweile unterbieten die Erneuerbaren laut Bloomberg New Energy Finance in vielen L\u00e4ndern aber sogar die Kosten bestehender Anlagen mit fossilen Energietr\u00e4gern.<\/p>\n\n\n\n<p class=\"has-secondary-color has-text-color has-link-color has-x-large-font-size wp-elements-1d70bff87bf98e36ffaf67fdfeb66293\"><strong>Klimachronik Januar 2025<\/strong><\/p>\n\n\n\n<p class=\"has-black-color has-text-color has-link-color has-medium-font-size wp-elements-220b8faf175ddb46e8a738cd0c4fc94f\">1. Zum 1. Januar steigt der CO\u2082-Preis von 45 auf 55 Euro pro Tonne. Das k\u00f6nnte sich auf die Preisentwicklung bei Benzin, Diesel, Heiz\u00f6l und Erdgas auswirken. Die Zukunft eines entlastenden Klimagelds ist weiter ungewiss.<\/p>\n\n\n\n<p class=\"has-black-color has-text-color has-link-color has-medium-font-size wp-elements-2967737ba2e20719e2ea8d2b1f34f766\">2. In puncto Klimaschutz steht Deutschland im L\u00e4ndervergleich nach dem Climate Change Performance Index 2025 von Germanwatch  www.ccpi.org auf einem m\u00e4\u00dfigen Platz 16 hinter den Philippinen, Niederlande, D\u00e4nemark und Gro\u00dfbritannien, vor den USA und vor China.<\/p>\n\n\n\n<p class=\"has-black-color has-text-color has-link-color has-medium-font-size wp-elements-04aa953919524c49c269f1e831c8738d\">3. Rund um Los Angeles gibt es f\u00fcnf Waldbr\u00e4nde, deren Feuer sich bis in die Stadt ausbreiten. 360.000 Menschen fl\u00fcchten oder werden evakuiert. Die Ausfahrten sind sofort verstopft, die Menschen fliehen zu Fu\u00df weiter, Bulldozer r\u00e4umen die Autos zur Seite. Wegen der starken Winde ist der Start von L\u00f6schflugzeugen zun\u00e4chst nicht m\u00f6glich. Zudem reicht das L\u00f6schwasser nicht aus. Die Br\u00e4nde sind viele Tage au\u00dfer Kontrolle. Allein im Viertel Pacific Palisades verbrennen mehr als 5.300 H\u00e4user, insgesamt sind rund 16.000 H\u00e4user zerst\u00f6rt. 29 Tote werden bis Ende Januar gemeldet. Die Sch\u00e4den werden auf 135 bis 150 Mrd. Dollar gesch\u00e4tzt, wobei nur etwa 30 Mrd. Dollar durch Versicherungen abgedeckt w\u00e4ren. Nach Angabe der Attributionsforscher des Imperial College London sind diese Waldbr\u00e4nde wahrscheinlich ebenfalls eine Folge des Klimawandels, insofern eine l\u00e4ngere Trockenperiode vorausging..<\/p>\n\n\n\n<p class=\"has-black-color has-text-color has-link-color has-medium-font-size wp-elements-5665018409e031293ddf791ffb312ac7\">4. Nach einer Studie des Thinktanks Agora Energiewende erreicht Deutschland 2024 die nationalen Klimaziele dank des Ausbaus der Erneuerbaren Energien und der Stilllegung von Kohlekraftwerken, nicht aber die europ\u00e4ischen.<\/p>\n\n\n\n<p class=\"has-black-color has-text-color has-link-color has-medium-font-size wp-elements-9b30a85956404afd769bcfc7a0415b31\">5. 2024 war das erste Jahr mit einer Erderw\u00e4rmung von 1,6 Grad Celsius gegen\u00fcber vorindustrieller Zeit. Damit wurde auch das Zielmarke der UN-Konferenz von Paris (2015) von 1,5 Grad plus erstmals ganzj\u00e4hrig \u00fcberschritten. Gegen\u00fcber dem drei\u00dfigj\u00e4hrigen Vergleichszeitraum 1991-2020 bedeutet das Ergebnis laut Copernicus-Report global gesehen ein Plus von 0,72 Grad und auf Europa bezogen sogar ein Plus von 1,47 Grad Celsius.<\/p>\n\n\n\n<p class=\"has-black-color has-text-color has-link-color has-medium-font-size wp-elements-2923cd864d48848e1bae4c2c825d030c\">6. Der deutsche Strom-Mix wird sauberer, weil der \u00d6kostromanteil w\u00e4chst. 2024 lag die Nettostromproduktion in Deutschland bei 432 Terawattstunden (TWh), davon kamen 59 Prozent aus erneuerbaren Quellen.<\/p>\n\n\n\n<p class=\"has-black-color has-text-color has-link-color has-medium-font-size wp-elements-8a414b7784d61903a1421a84317488c4\">7. Die Klimaallianz, ein Zusammenschluss von 150 Organisationen, stellt bedauernd fest, dass Klimaschutz im Bundestagswahlkampf nur eine \u201eRandnotiz\u201c darstellt und fordert ein Sonderverm\u00f6gen f\u00fcr Klimaschutz einzurichten.<\/p>\n\n\n\n<p class=\"has-secondary-color has-text-color has-link-color wp-elements-c6b9459a1b3fee8a602bfa9e412b3719\"><strong>Klimachronik Dezember 2024<\/strong><\/p>\n\n\n\n<p class=\"has-black-color has-text-color has-link-color has-medium-font-size wp-elements-07a2404d1a90323b7df5782ad0f0fcbc\">1. Nach einem Bericht in \u201enature ecology &amp; evolution\u201c vom 24.06.2024 hat sich die H\u00e4ufigkeit von extremen Waldbr\u00e4nden weltweit zwischen 2003 und 2023 mehr als verdoppelt. Das ergab eine Auswertung von Satellitendaten.<\/p>\n\n\n\n<p class=\"has-black-color has-text-color has-link-color has-medium-font-size wp-elements-97ac5620347106cbcb967ee348543968\">2. Die rot-gr\u00fcne Minderheitsregierung beschlie\u00dft eine neue Strategie zur Anpassung an den Klimawandel. Der Bund will die Bev\u00f6lkerung im Falle von Extremwetterereignissen besser warnen und die Nutzerzahlen der Nina-Warnapp deutlich erh\u00f6hen. Au\u00dferdem wird empfohlen, dass es k\u00fcnftig mehr k\u00fchlende Gr\u00fcnfl\u00e4chen in der N\u00e4he von Arbeits- und Wohnorten geben soll. So ist vorgesehen, Stadtgebiete zu identifizieren, die wegen ihrer Lage und der Art der Bebauung klimatische Defizite aufweisen.<\/p>\n\n\n\n<p class=\"has-black-color has-text-color has-link-color has-medium-font-size wp-elements-1ba55d105ad3714af622147ec70a8139\">3. Ein Waldbrand in Malibu in der N\u00e4he von Los Angeles ger\u00e4t au\u00dfer Kontrolle. Viele Menschen, darunter Prominente wie Cher und Julia Roberts, m\u00fcssen ihre H\u00e4user verlassen.<\/p>\n\n\n\n<p class=\"has-black-color has-text-color has-link-color has-medium-font-size wp-elements-126a92de2ef6abef27133c0ae7baf773\">4. Das Umweltbundesamt prognostiziert f\u00fcr 2024 einen Anteil von 54 Prozent \u00d6kostrom am Bruttostromverbrauch und damit einen neuen H\u00f6chststand.<\/p>\n\n\n\n<p class=\"has-black-color has-text-color has-link-color has-medium-font-size wp-elements-f43a9a32b0a21302d406447076d69bae\">5. In den B\u00f6den der Arktis sind gro\u00dfe Mengen Kohlenstoff gespeichert. Die US-Ozeanografie- und Atmosph\u00e4renbeh\u00f6rde Noaa hat nun aber festgestellt, dass mehr CO\u2082 in die Atmosph\u00e4re entweicht, als der Boden aufnimmt. Demnach verlieren die Arktisb\u00f6den ihre Funktion als Kohlenstoffsenke. Momentan erw\u00e4rmt sich die Arktis viermal schneller als der globale Durchschnitt.<\/p>\n\n\n\n<p class=\"has-black-color has-text-color has-link-color has-medium-font-size wp-elements-ef5612724bba5f7cb23d9e93b94db119\">6. Nach einer Untersuchung der NGO \u201eClimate Central\u201c werden die Winter (Monate Dezember bis Februar) w\u00e4rmer, Frost und Schnee seltener. In Deutschland haben Winter im Durchschnitt der vergangenen zehn Jahre 18 Frosttage eingeb\u00fc\u00dft. Immer h\u00e4ufiger ist es nicht kalt genug, dass Schnee liegen bleibt. In M\u00fcnchen bel\u00e4uft sich der Effekt auf 24 verlorene Frosttage pro Winter, in Berlin auf minus 20 und in Stuttgart auf minus 14 Frosttage.<\/p>\n\n\n\n<p class=\"has-black-color has-text-color has-link-color has-medium-font-size wp-elements-13b255b49f4fe79887e4f81373944e30\">7. Der gr\u00f6nl\u00e4ndische Eisschild ist der zweitgr\u00f6\u00dfte Eispanzer der Erde. Laut Forschern schmilzt er jedes Jahr um fast 200 Kubikkilometer. Ein komplettes Abschmelzen k\u00f6nnte den Meeresspiegel um rund sieben Meter steigen lassen.<\/p>\n\n\n\n<p class=\"has-black-color has-text-color has-link-color has-medium-font-size wp-elements-5f038d176b41292383921a5a5133b6a1\">8. Das Jahr 2024 war das w\u00e4rmste seit Beginn der Aufzeichnungen und das erste mit einem weltweiten Anstieg der Durchschnittstemperatur gegen\u00fcber der vorindustriellen Zeit um mehr als 1,5 Grad Celsius. In Deutschland hat 2024 das Vorjahr um au\u00dfergew\u00f6hnliche 0,3 Grad \u00fcbertroffen. Die Durchschnittstemperatur lag bei 10,9 Grad Celsius.<\/p>\n\n\n\n<p class=\"has-black-color has-text-color has-link-color has-medium-font-size wp-elements-95deec629c6de3c0ef461f2a4edfc250\">9. Klimaforscher sind der Auffassung, dass sich die arktische Tundra inzwischen von einer CO<sub>2<\/sub>-Senke zu einer Quelle entwickelt und diese Region aufgrund auftauender Permafrostb\u00f6den mehr Treibhausgas abgibt, als es aufnimmt.<\/p>\n\n\n\n<p class=\"has-secondary-color has-text-color has-link-color wp-elements-74d7a24d8f19c06614def86d37fb628c\"><strong>Klimachronik November 2024<\/strong><\/p>\n\n\n\n<p class=\"has-black-color has-text-color has-link-color has-medium-font-size wp-elements-6b0a190c2c69e4c655a0cefed358c478\">1. New York blickt auf den trockensten Oktober seit 150 Jahren zur\u00fcck, es hat den ganzen Monat nicht geregnet. Anfang November wird das Wasser knapp und die Beh\u00f6rden rufen zum Wassersparen auf.<\/p>\n\n\n\n<p class=\"has-black-color has-text-color has-link-color has-medium-font-size wp-elements-3c2c6cd614cd678450fa825207bc5a16\">2. Laut dem EU-Erd\u00fcberwachungsprogramm Copernicus wird 2024 das hei\u00dfeste Jahr auf Erden, das je gemessen wurde. Im weltweiten Durchschnitt wird die Temperatur mindestens 1,55 Grad \u00fcber dem Durchschnitt der vorindustriellen Zeit liegen. Das bislang hei\u00dfeste Jahr mit 1,48 Grad plus war 2023.<\/p>\n\n\n\n<p class=\"has-black-color has-text-color has-link-color has-medium-font-size wp-elements-6662f772a17a61107ec17381025f5818\">3. Nach den verheerenden \u00dcberschwemmungen im Osten Spaniens protestieren in der K\u00fcstenmetropole Valencia weit mehr als 100.000 Menschen gegen das Krisenmanagement der Beh\u00f6rden.<\/p>\n\n\n\n<p class=\"has-black-color has-text-color has-link-color has-medium-font-size wp-elements-9f55ffbb468219d979723589d5e28383\">4. Die Stadtwerke Mannheim wollen ihr Gasnetz als \u201enicht nachhaltig und zukunftsorientiert\u201c bis 2035 stilllegen und die Kunden stattdessen mit Fernw\u00e4rme versorgen. Wer keine Fernw\u00e4rme beziehen kann, soll stattdessen eine W\u00e4rmepumpe bekommen.<\/p>\n\n\n\n<p class=\"has-black-color has-text-color has-link-color has-medium-font-size wp-elements-745018388997100732c7ae9ba4d24d5d\">5. Am 11.11. beginnt die 29. UN-Klimakonferenz COP 29 in Baku, Aserbeidschan. Die deutsche Delegation ist deutlich kleiner als in den Vorjahren. Bundeskanzler Scholz hat aufgrund innenpolitischer Probleme und der anstehenden Neuwahlen abgesagt. Au\u00dfenministerin Baerbock vertritt ihn. NGOs und Klimaforscher hegen wenig Hoffnung, dass diese Konferenz zu Fortschritten f\u00fchrt.<\/p>\n\n\n\n<p class=\"has-black-color has-text-color has-link-color has-medium-font-size wp-elements-11ffe9953715562aec7e7108bf2b5aa5\">6. Das Potsdam Institut f\u00fcr Klimafolgenforschung PIK gibt bekannt, dass von 2024 an global nur noch 200 Gigatonnen CO2 ausgesto\u00dfen werden d\u00fcrften, um zumindest mit einer Wahrscheinlichkeit von 50% das 1,5-Grad-Ziel doch noch zu erreichen. Es schl\u00e4gt vor, die CO<sub>2<\/sub>-Entnahme aus der Atmosph\u00e4re zu forcieren und in den Emissionshandel zu integrieren.<\/p>\n\n\n\n<p class=\"has-black-color has-text-color has-link-color has-medium-font-size wp-elements-8ac4cf3d06c74657709365b76c144bb6\">7. Noch nie hat die Menschheit so viel \u00d6l, Gas und Kohle verbrannt wie in diesem Jahr. Zu diesem Ergebnis kommt die internationale Forschungsinitiative Global Carbon Project in ihrem neuen Bericht, der auf der Weltklimakonferenz COP 29 vorgestellt wurde.<\/p>\n\n\n\n<p class=\"has-black-color has-text-color has-link-color has-medium-font-size wp-elements-ff7d3fc0c25dd7d289b7312e4bd7fc44\">8. Nur zwei Wochen nach Starkregen mit verheerenden \u00dcberflutungen in Spanien mit mindestens 223 Toten wird das Land von neuen, heftigen Unwettern heimgesucht. Vor allem die andalusische Provinz M\u00e1laga ist betroffen.<\/p>\n\n\n\n<p class=\"has-black-color has-text-color has-link-color has-medium-font-size wp-elements-d1e5cec522cea722279d5bc09da0c7ce\">9. Rund ein halbes Jahr nach dem schweren Pfingsthochwasser im Saarland haben Kommunen der Landesregierung Sch\u00e4den in H\u00f6he von 42,6 Millionen Euro gemeldet. Es geht um Sch\u00e4den an Geb\u00e4uden, Stra\u00dfen und Hangbefestigungen, sowie um die Kosten f\u00fcr Feuerwehreins\u00e4tze.<\/p>\n\n\n\n<p class=\"has-black-color has-text-color has-link-color has-medium-font-size wp-elements-fb2d23069970f6439bb7f9e7a070fc9c\">10. Die Weltklimakonferenz COP 29 einigt sich darauf, die Klimahilfen f\u00fcr \u00e4rmere Staaten deutlich aufzustocken. Bis 2035 sollen mindestens 1,3 Billionen US-Dollar an Zusch\u00fcssen, Krediten und privaten Investitionen flie\u00dfen, davon j\u00e4hrlich 300 Milliarden US-Dollar (rund 288 Milliarden Euro) vorrangig aus den Industriestaaten. Mit dem Geld sollen Entwicklungsl\u00e4nder Klimaschutz und Klimaanpassung bezahlen k\u00f6nnen. Allerdings bleibt offen, wie diese Gelder konkret aufgebracht werden. Dies wird nun Aufgabe der n\u00e4chsten Klimakonferenz in Brasilien sein. Deutschland will j\u00e4hrlich 6 Mrd. Euro aus dem Bundeshaushalt bereitstellen.<\/p>\n\n\n\n<p class=\"has-black-color has-text-color has-link-color has-medium-font-size wp-elements-9a810cda3d65fac450074e98387ef740\">11. Unwetter in Gro\u00dfbritannien und Irland (Sturmtief \u201eBert\u201c) haben f\u00fcr schwere \u00dcberschwemmungen gesorgt und mindestens drei Menschen das Leben gekostet. Mancherorts standen ganze Stra\u00dfenz\u00fcge unter Wasser.<\/p>\n\n\n\n<p class=\"has-secondary-color has-text-color has-link-color wp-elements-41f458233a4d21a6d4024635f3ba9b7a\"><strong>Klimachronik Oktober 2024<\/strong><\/p>\n\n\n\n<p class=\"has-black-color has-text-color has-link-color has-medium-font-size wp-elements-a623cf9a7104d187db9d306b92fe3e53\">1. Im vergangenen Winter fiel in den Alpen mehr Schnee als in den Vorjahren. Daten zu den Schweizer Gletschern zeigen allerdings, dass sie trotzdem um weitere 2,5 Prozent abnahmen.<\/p>\n\n\n\n<p class=\"has-black-color has-text-color has-link-color has-medium-font-size wp-elements-d0887237b33dcc14482be72740d8f389\">2. Nach einer in \u201eNature\u201c ver\u00f6ffentlichten Studie sind seit 2001 erheblich mehr tropische Wirbelst\u00fcrme zu verzeichnen. Die Forschenden gehen davon aus, dass tropische Wirbelst\u00fcrme aufgrund des Klimawandels potenziell gef\u00e4hrlicher und zerst\u00f6rerischer werden.<\/p>\n\n\n\n<p class=\"has-black-color has-text-color has-link-color has-medium-font-size wp-elements-69eac1b422e6931b6738d1aa461d7aca\">3. In einem Teil Brasilien, etwa einem Drittel des Landesfl\u00e4che, ist extreme D\u00fcrre zu verzeichnen als Folge des Klimawandels und des El Ni\u00f1o. Durch den niedrigen Pegelstand mancher Fl\u00fcsse wird die Versorgung der Anlieger mit Wasser und Lebensmitteln schwierig.<\/p>\n\n\n\n<p class=\"has-black-color has-text-color has-link-color has-medium-font-size wp-elements-2f7cb68458d3770dac5897782b37a017\">4. Erstmals seit 30 Jahren geht Starkregen in der Sahara in Marokko nieder, lokal bis zu 100 Liter pro qm innerhalb von 24 h. Weite Teile Marokkos erlebten zuletzt sechs D\u00fcrrejahre in Folge. Landwirte waren bereits gezwungen, ihre Felder brach liegen zu lassen, Gemeinden rationierten das Wasser.<\/p>\n\n\n\n<p class=\"has-black-color has-text-color has-link-color has-medium-font-size wp-elements-a1d21dd6c98d1b46adec24b28bd73333\">5. Im September waren bei Hurrikan &#8222;Helene&#8220; im S\u00fcdosten der USA &#8211; vor allem in Georgia und North Carolina &#8211; mehr als 230 Menschen ums Leben gekommen. Etwa zwei Wochen sp\u00e4ter, am 9. Oktober trifft Hurrikan \u201eMilton\u201c mit einer Windgeschwindigkeit von 193 km\/h auf Florida und \u00fcberquert die Halbinsel. Er ist zwar weniger zerst\u00f6rerisch, als zun\u00e4chst prognostiziert. Dennoch sterben 16 Menschen, auch wegen der durch den Hurrikan ausgel\u00f6sten Tornados, und er richtet Sch\u00e4den im Umfang von 50 Mrd. Dollar an.<\/p>\n\n\n\n<p class=\"has-black-color has-text-color has-link-color has-medium-font-size wp-elements-5909a8575868570f92e1762710c53791\">6. Das Deutschlandticket hat einer Studie zufolge zu weniger klimasch\u00e4dlichen Emissionen im Verkehrssektor gef\u00fchrt. Der CO<sub>2<\/sub>-Aussto\u00df im Autoverkehr ging im ersten Jahr des im Mai 2023 eingef\u00fchrten \u00d6PNV-Tickets um etwa 6,7 Millionen Tonnen zur\u00fcck, wie der Wissenschaftsverbund Ariadne mitteilt. Das entspreche einer Reduktion der gesamten Emissionen im Verkehrssektor von 4,7 Prozent.<\/p>\n\n\n\n<p class=\"has-black-color has-text-color has-link-color has-medium-font-size wp-elements-f5cd5ceeaeac17c703bb6a6acfc35298\">7. Bundeswirtschaftsminister Habeck f\u00f6rdert 15 Unternehmen f\u00fcr Techniken zur Vermeidung von Treibhausgasen mit ingesamt 2,7 Mrd. Euro. Deutschlandweit konnten sich Firmen in einer ersten Ausschreibungsrunde um die auf 15 Jahre angelegte F\u00f6rderung bewerben. Der Staat verpflichtet sich dabei mit \u201eKlimaschutzvertr\u00e4gen\u201c die Mehrkosten dieser klimafreundlichen Techniken auszugleichen, wenn CO<sub>2<\/sub> vermieden wird. Zum Zug kamen Unternehmen der Metall- und Chemiebranche, Papierhersteller und ein Produzent von Ziegeln.<\/p>\n\n\n\n<p class=\"has-black-color has-text-color has-link-color has-medium-font-size wp-elements-9d54cf3cde1b6073a0aa28da97fff993\">8. Teile Frankreichs werden von heftigen Unwettern heimgesucht, die zu Evakuierungen, gesperrten Autobahnen und Bahnstrecken f\u00fchren. In Paris wird ein Mann von einem umst\u00fcrzenden Baum erschlagen.<\/p>\n\n\n\n<p class=\"has-black-color has-text-color has-link-color has-medium-font-size wp-elements-b22b900416c250436b9503ccc960cf50\">9. Die vierte Bundeswaldinventur ergibt, dass die deutschen W\u00e4lder in den letzten Jahren durch Trockenheit, Sch\u00e4dlinge und Windbruch sehr gelitten haben. Sie sind inzwischen von der Senke zu zur Kohlenstoffquelle geworden.<\/p>\n\n\n\n<p class=\"has-black-color has-text-color has-link-color has-medium-font-size wp-elements-7102f6782e505928b6588ffee423dad0\">10. Ende Oktober gehen \u00fcber Spanien schwere Unwetter mit Hagel und Starkregen bis zu 180 Litern pro m2 nieder. Innerhalb von acht Stunden f\u00e4llt mancherorts die Regenmenge eines ganzen Jahres. Vor allem das Gebiet zwischen Valencia und Andalusien ist betroffen, die Region um Valencia damit schon zum zweiten Mal in zwei Monaten. Ein Betroffener kann die Tr\u00e4nen kaum unterdr\u00fccken: \u201eEs war die H\u00f6lle auf Erden\u201c. Ein AVE Hochgeschwindigkeitszug zwischen Malaga und Madrid entgleist. Neben enormen Ernte- und Sachsch\u00e4den wird am 31.10. der Tod von mindestens 200 Menschen gemeldet. Viele gelten zu disem Zeitpunkt noch als vermisst.<\/p>\n\n\n\n<p class=\"has-black-color has-text-color has-link-color has-medium-font-size wp-elements-5ac5cfe857eb38fff940a356fac9ab8f\">11. Eine Attributionsstudie von <em>World Weather Attribution<\/em> zeigt, dass den zehn weltweit t\u00f6dlichsten Wetterereignissen seit 2004 mindestens 570.000 Menschen zum Opfer fielen. Weiteres Ergebnis: Ohne den Klimawandel h\u00e4tte es weniger Opfer gegeben. Extremwetterereignisse sind Folgen des Klimawandels.<\/p>\n\n\n\n<p class=\"has-secondary-color has-text-color has-link-color wp-elements-d9765da2df5c0cf0f4ed04a014585541\"><strong>Klimachronik September 2024<\/strong><\/p>\n\n\n\n<p class=\"has-black-color has-text-color has-link-color has-medium-font-size wp-elements-f6aeca110af5c157326b651ab19308d0\">1. Laut dem europ\u00e4ischen Erdbeobachtungssystem Copernicus hat der Sommer 2024 einen neuen W\u00e4rmerekord aufgestellt. Die Sommermonate Juni, Juli und August waren im globalen Durchschnitt so warm wie nie seit Beginn der Wetteraufzeichnung.<\/p>\n\n\n\n<p class=\"has-black-color has-text-color has-link-color has-medium-font-size wp-elements-a4971f9b029b67768eeb76e1ecf6b0fa\">2. Fast 400.000 H\u00e4user in Deutschland sind nach einer Studie des Unabh\u00e4ngigen Instituts f\u00fcr Umweltfragen durch Hochwasser und \u00dcberschwemmungen nach Starkregen bedroht, vor allem an Rhein und Elbe.<\/p>\n\n\n\n<p class=\"has-black-color has-text-color has-link-color has-medium-font-size wp-elements-5b3a9b837b3c3b3e864b6aaf8594b41b\">3. Rund um Los Angeles w\u00fcten drei Waldbr\u00e4nde, die au\u00dfer Kontrolle sind. Mehr als 5.700 Feuerwehrleute, Dutzende L\u00f6schflugzeuge und mehr als 500 L\u00f6schz\u00fcge sind im Einsatz. In den Landkreisen Los Angeles, San Bernardino, Orange County und Riverside wird der Ausnahmezustand ausgerufen.<\/p>\n\n\n\n<p class=\"has-black-color has-text-color has-link-color has-medium-font-size wp-elements-1f67727ed4232a06fe4042cf26c3a322\">4. Der Rekordsommer in Deutschland geht mit einem Temperatursturz abrupt zu Ende. In Dresden sind eine Woche lang Tagesh\u00f6chsttemperaturen um die 30 Grad Celsius zu verzeichnen, fallen dann ab 8. September innerhalb 24 Stunden von 31 Grad auf 21 Grad Celsius. Vier Tage sp\u00e4ter sind es nur noch 10 Grad Celsius. In den Alpen f\u00e4llt der erste Schnee.<\/p>\n\n\n\n<p class=\"has-black-color has-text-color has-link-color has-medium-font-size wp-elements-d3e2532f4c960f0ca18106b029fd5955\">5. Mitte September bringt ein heftiges Unwetter mehrere Tage lang Dauerregen in einem Gebiet, das von Ostbayern und Brandenburg \u00fcber Polen, Tschechien, Slowakei, \u00d6sterreich bis Rum\u00e4nien reicht. In St. P\u00f6lten fallen 361 Liter pro Quadratmeter, etwa die halbe Menge eines ganzen Jahres. Der Zugverkehr zwischen Linz und Wien muss eingestellt werden, ebenso zwischen Tschechien und Polen. In Polen bricht ein Staudamm. In schwer betroffenen Orten steht das Wasser teilweise \u00fcber einen Meter in den Stra\u00dfen. Tausende Menschen stehen vor den Tr\u00fcmmern ihrer Existenz. Etwa 2 Millionen Menschen sind von den \u00dcberschwemmungen betroffen, mindestens 23 Menschen kommen bis 18.9. ums Leben, weitere werden vermisst.<\/p>\n\n\n\n<p class=\"has-black-color has-text-color has-link-color has-medium-font-size wp-elements-c8c54138a3549f6122dda967edb271f6\">6. Gleichzeitig lodern im Norden und im Zentrum Portugals 20 gr\u00f6\u00dfere Waldbr\u00e4nde. Bis 17.9.2024 sterben sieben Menschen. Mehr als 5.300 Feuerwehrleute, 21 L\u00f6schflugzeuge und Hubschrauber sind im Einsatz. Mehrere Autobahnen und einige Landstra\u00dfen sind teilweise gesperrt, der Zug- und der Fernbusverkehr ist erheblich gest\u00f6rt.<\/p>\n\n\n\n<p class=\"has-black-color has-text-color has-link-color has-medium-font-size wp-elements-5c606cd317e80fa35e2444825528b4e6\">7. Das Sturmtief Boris zieht von Osteuropa nach S\u00fcdwesten weiter. Ab Mitte September regnet es in Norditalien tagelang, mehr als 2.500 Menschen m\u00fcssen ihre H\u00e4user verlassen. Italien ruft Notstand f\u00fcr zwei Hochwasser-Regionen aus. Betroffen sind unter anderem die St\u00e4dte Bologna, Modena und Ravenna.<\/p>\n\n\n\n<p class=\"has-black-color has-text-color has-link-color has-medium-font-size wp-elements-c76bfb77e8df2fcac05e8d847a83654f\">8. Heftige Regenf\u00e4lle l\u00f6sen in Japan \u00dcberschwemmungen und Erdrutsche aus. Laut dem Wetterdienst waren es Niederschl\u00e4ge &#8222;in noch nie dagewesenem Ausma\u00df&#8220;. Mindestens sechs Menschen sterben, weitere werden noch vermisst.<\/p>\n\n\n\n<p class=\"has-black-color has-text-color has-link-color has-medium-font-size wp-elements-9199320ae1642daf9997fba6ce203eaf\">9. Am 20.09.2024 fordern Zehntausende beim \u201eKlimastreik\u201c von Fridays for Future in 120 St\u00e4dten eine wirksame Klimapolitik und mehr Klimaschutz.<\/p>\n\n\n\n<p class=\"has-black-color has-text-color has-link-color has-medium-font-size wp-elements-f145da7a7d2f6497ea5f171567fa66d4\">10. Aktivisten von &#8222;Ende Gel\u00e4nde&#8220; protestieren mit einer Blockade am schwimmenden Terminal Brunsb\u00fcttel gegen Fl\u00fcssiggas-Importe, nachdem das Land Schleswig-Holstein den Bau eines festen Terminals per Planfeststellungsbescheid gebilligt hat.<\/p>\n\n\n\n<p class=\"has-black-color has-text-color has-link-color has-medium-font-size wp-elements-b1382bfa5b354c7bf875e5cf4246ce30\">11. Der US-Wetterdienst warnte vor historischen und katastrophalen \u00dcberschwemmungen. Ende September trifft dann der Hurrikan &#8222;Helene&#8220; im US-Bundesstaat Florida mit 225 km\/h und gro\u00dfer Zerst\u00f6rungskraft auf Land. Infolge des Unwetters in mehreren Bundesstaaten sterben bis 30.9. 110 Menschen. Da aber viele noch vermisst sind, k\u00f6nnten es bis zu 600 Tote werden. In einigen Orten steht das Wasser etwa f\u00fcnf Meter hoch. 4 Mio. Haushalte sind zeitweise ohne Strom. Die Sch\u00e4den werden auf 95 bis 110 Mrd. Dollar gesch\u00e4tzt.<\/p>\n\n\n\n<p class=\"has-black-color has-text-color has-link-color has-medium-font-size wp-elements-87eafc795a8ab992cc11d404061a5197\">12. Nach dem \u201eFaktencheck\u201c im Rahmen eines Bundes-Forschungsprojekts sind in Deutschland 10.000 Tier- und Pflanzenarten bestandsgef\u00e4hrdet. Manche Negativeffekte w\u00fcrden durch den Klimawandel noch verst\u00e4rkt.<\/p>\n\n\n\n<p class=\"has-secondary-color has-text-color has-link-color wp-elements-da6528403864bc15f0b847d9982d17ff\"><strong>Klimachronik August 2024<\/strong><\/p>\n\n\n\n<p class=\"has-black-color has-text-color has-link-color has-medium-font-size wp-elements-218b5e20646b333feed5f95f9f785d37\">1. Am 1. August hat die Welt alle nat\u00fcrlichen Ressourcen aufgebraucht, die sich innerhalb eines Jahres erneuern. Wenn alle Erdenb\u00fcrger so leben w\u00fcrden wie die Deutschen, w\u00e4ren drei Erden n\u00f6tig. Berechnet hat diesen sogenannten Erd\u00fcberlastungstag das Global Footprint Network.<\/p>\n\n\n\n<p class=\"has-black-color has-text-color has-link-color has-medium-font-size wp-elements-a0ffea41f78887c39147c21fb585e7d2\">2. Auf Mallorca herrschen Temperaturen um die 40 Grad. Zwei Menschen sterben am 1. August aufgrund eines Hitzschlags. In S\u00fcdkorea forderte die Hitze bis zum 4. August ebenfalls 11 Todesopfer, zumeist waren dies Landwirte.<\/p>\n\n\n\n<p class=\"has-black-color has-text-color has-link-color has-medium-font-size wp-elements-653b376c532a683ee721da66cbab8f53\">3. Sizilien erlebt die schlimmste D\u00fcrre seit zwei Jahrzehnten. 70 Prozent der Fl\u00e4che sind betroffen. In der T\u00fcrkei und in Griechenland w\u00fcten schwere Waldbr\u00e4nde.<\/p>\n\n\n\n<p class=\"has-black-color has-text-color has-link-color has-medium-font-size wp-elements-a69c02b9342ebeb2d5bdeebe6a447604\">4. Das Great Barrier Reef erlebte f\u00fcnf Massenbleichen in acht Jahren. Inzwischen droht wegen steigender Wassertemperaturen der endg\u00fcltige Verlust der Artenvielfalt dieses Naturwunders vor der K\u00fcste Australiens. Nie in den vergangenen 400 Jahren war es einem australischen Forschungsteam zufolge dort so warm wie in diesem Jahr. Selbst bei Einhaltung des 1,5 Grad Ziel werden wahrscheinlich 70-90 Prozent der Korallen weltweit zugrunde gehen, so die Studie.<\/p>\n\n\n\n<p class=\"has-black-color has-text-color has-link-color has-medium-font-size wp-elements-a221e9e7ee057b29fd89b03c7baa944d\">5. Umweltverb\u00e4nde protestieren gegen die geplante Erdgasf\u00f6rderung eines niederl\u00e4ndischen Konsortiums bei der Insel Borkum. Das Gasfeld erstreckt auch auf deutsches Staatsgebiet. Das gef\u00f6rderte Gas soll in beiden L\u00e4ndern genutzt werden.<\/p>\n\n\n\n<p class=\"has-black-color has-text-color has-link-color has-medium-font-size wp-elements-f3c4c1d1d3b93257cf4a13b1c6c58d64\">6. Nach Hitzetagen mit Temperaturen bis zu 36,5 Grad gibt es Mitte August in einigen Teilen Deutschlands heftige Unwetter mit Starkregen, Gewittern und Hagel. Autobahnen m\u00fcssen zeitweise gesperrt werden, Bahnstrecken werden durch B\u00e4ume blockiert, Keller laufen voll.<\/p>\n\n\n\n<p class=\"has-black-color has-text-color has-link-color has-medium-font-size wp-elements-5ceffd6ac7ebe948cd5c2b4acb7fe1af\">7. Der Verband der deutschen Autoindustrie (VDA) fordert einen Verkaufsstopp f\u00fcr Benzin und Diesel ab 2045. Autos und Lastwagen sollen ihre Energie dann nur noch aus E-Fuels, Wasserstoff oder Strom beziehen d\u00fcrfen. Die Politik ist aufgerufen, daf\u00fcr den Rahmen zu setzen. Die Mineral\u00f6lindustrie soll \u00fcber eine Erh\u00f6hung der Quoten verpflichtet werden, k\u00fcnftig deutlich mehr Alternativen zu fossilem Diesel und Benzin anzubieten. &nbsp;&nbsp;<\/p>\n\n\n\n<p class=\"has-secondary-color has-text-color has-link-color wp-elements-7c85ee6bc19a83b06fce7f6dd2ef3aeb\"><strong>Klimachronik Juli 2024<\/strong><\/p>\n\n\n\n<p class=\"has-black-color has-text-color has-link-color has-medium-font-size wp-elements-e140bef0c0f8bb585dbe057f32f7bd6a\">1. W\u00e4hrend das Unwetter in den letzten Junitagen in Deutschland einigerma\u00dfen glimpflich ablief, kommen in zwei Nachbarl\u00e4ndern Menschen ums Leben. Im Schweizer Kanton Tessin werden nach einem Erdrutsch drei Tote gefunden. Einen weiteren Toten gibt es im Kanton Wallis. Im Nordosten Frankreichs erschl\u00e4gt ein umst\u00fcrzender Baum drei Menschen in einem Auto.<\/p>\n\n\n\n<p class=\"has-black-color has-text-color has-link-color has-medium-font-size wp-elements-b1eaf6805e3d95898775e46674049128\">2. Das Klimaanpassungsgesetz tritt in Kraft. Kommunen m\u00fcssen sich st\u00e4rker gegen Extremwetter wappnen durch Fl\u00e4chenentsiegelung, Bachrenaturierung, Hochwasserschutz, Begr\u00fcnung. Diese Ma\u00dfnahmen erfordern einen Finanzaufwand von 38 Mrd. Euro bis 2030. Die Kommunen wollen daf\u00fcr Geld von Bund und Land.<\/p>\n\n\n\n<p class=\"has-black-color has-text-color has-link-color has-medium-font-size wp-elements-59a559a8f5c8718725cf9ecfeeb5a688\">3. Wenn man die vergangenen zw\u00f6lf Monate am St\u00fcck betrachtet, hat es seit 1881 (Messbeginn) in Deutschland noch nie so viel geregnet.<\/p>\n\n\n\n<p class=\"has-black-color has-text-color has-link-color has-medium-font-size wp-elements-d004b74b2ebe592a0f1e52fc3e9c5a33\">4. Extreme Hitze bis 47 Grad Celsius und ausgedehnte Waldbr\u00e4nde in Kalifornien. Tausende Menschen m\u00fcssen evakuiert werden. Auch in Nordmazedonien, Albanien und Bulgarien herrschen Temperaturen \u00fcber 40 Grad Celsius und w\u00fcten zahlreiche Waldbr\u00e4nde. <\/p>\n\n\n\n<p class=\"has-black-color has-text-color has-link-color has-medium-font-size wp-elements-aaf2dcc808228caae36290ec5cba0018\">5. In Alaska schmilzt das gigantische Juneau Eisfeld mit seinen Tausenden Gletschern im Rekordtempo. Ein Viertel ist bereits verschwunden. Es liegt an der Grenze zwischen Alaska und der kanadischen Provinz British Columbia. Die Gletscher schmelzen mittlerweile mit einer Durchschnittsgeschwindigkeit von etwa 200.000 Liter Eis pro Sekunde.<\/p>\n\n\n\n<p class=\"has-black-color has-text-color has-link-color has-medium-font-size wp-elements-0f736b784b5d4a235396ca5f7218f2d7\">6. Nach einer Studie der Europ\u00e4ischen Investitionsbank sind sich die Deutschen mehrheitlich \u201eder Ursachen und Folgen des Klimawandels bewusst, k\u00f6nnten aber ihr Wissen \u00fcber L\u00f6sungen verbessern\u201c. So ist vielen nicht klar, dass Tempolimits und besser ged\u00e4mmte Geb\u00e4ude \u201ezur Bek\u00e4mpfung des Klimawandels\u201c beitragen k\u00f6nnen. Die \u00fcber 50-J\u00e4hrigen kennen sich bei diesem Thema \u201eviel besser\u201c aus als J\u00fcngere.<\/p>\n\n\n\n<p class=\"has-black-color has-text-color has-link-color has-medium-font-size wp-elements-8311dd97d51cc6da354829779735160d\">7. Nach Daten des EU-Klimawandeldiensts Copernicus&nbsp; erreicht die globale Tagesdurchschnittstemperatur am 21.07.2024 einen Wert von 17,09 Grad Celsius. Es war das hei\u00dfeste Jahr seit Beginn der Aufzeichnungen. Der bisherige Rekord war mit 17,08 Grad am 6. Juli 2023 gemessen worden, davor lag er bei 16,8 Grad am 13. August 2016. <\/p>\n\n\n\n<p class=\"has-black-color has-text-color has-link-color has-medium-font-size wp-elements-1c1bbb0aea288d6d4a16e3fa36b3a4ea\">8. Wochenlang litt der Westen Kanadas unter ungew\u00f6hnlich hohen Temperaturen und extremer Trockenheit. Jetzt gibt es zahlreiche Waldbr\u00e4nde. Die Kleinstadt Jasper mit 5.000 Einwohnern muss vollst\u00e4ndig evakuiert werden, die H\u00e4lfte der H\u00e4user f\u00e4llt den Flammen zum Opfer. Auch Fort Nelson und Fort McMurray m\u00fcssen Tausende Menschen vor Waldbr\u00e4nden fliehen.<\/p>\n\n\n\n<p class=\"has-black-color has-text-color has-link-color has-medium-font-size wp-elements-c2d00f336f26241fdd5b1839b9afe70a\">9. Aktivisten der Letzten Generation dringen unter der Parole \u201eOil kills\u201c auf Gel\u00e4nde und Rollbahnen der Flugh\u00e4fen K\u00f6ln\/Bonn und Frankfurt vor, kleben sich dort fest und legen den Betrieb f\u00fcr mehrere Stunden lahm. In Frankfurt fallen 230 Fl\u00fcge aus.<\/p>\n\n\n\n<p class=\"has-black-color has-text-color has-link-color has-medium-font-size wp-elements-5b8fe9ec84a6f55061af6c8fac018d2c\">10. Nach einer zweiw\u00f6chigen Hitzewelle mit Temperaturen von zwischen 40 und 50 Grad, teils auch dar\u00fcber, wird im Iran ein Hitze-Lockdown verh\u00e4ngt. \u00d6ffentliche Einrichtungen bleiben geschlossen.<\/p>\n\n\n\n<p class=\"has-secondary-color has-text-color has-link-color wp-elements-8367a414dffea079af762d434b7b29bd\"><strong>Klimachronik Juni 2024<\/strong><\/p>\n\n\n\n<p class=\"has-black-color has-text-color has-link-color has-medium-font-size wp-elements-2fc47a1323f6671f1df685a14dd9be39\">1. In den ersten Junitagen herrscht &#8222;Land unter&#8220; in weiten Teilen S\u00fcddeutschlands. Ein Dutzend Landkreise ruft wegen Dauerregen und \u00dcberschwemmungen den Katastrophenfall aus. In schw\u00e4bischen Fischach m\u00fcssen Helfer Menschen mit einem Hubschrauber aus ihren von den Fluten eingeschlossenen H\u00e4usern retten. Die Pegelst\u00e4nde etlicher Fl\u00fcsse zeigen ein Jahrhunderthochwasser. D\u00e4mme brechen. Bei Schw\u00e4bisch Gm\u00fcnd entgleist ein ICE nach einem Erdrutsch. Abschnitte der Autobahn A3 und A9 werden wegen \u00dcberflutung gesperrt. Enorme Sachsch\u00e4den an Geb\u00e4uden, Fahrzeugen und Infrastruktur. Sechs Menschen sterben, darunter auch Rettungskr\u00e4fte.&nbsp;Erste Sch\u00e4tzungen gehen von Sachsch\u00e4den in H\u00f6he von 2 Mrd. Euro aus.<\/p>\n\n\n\n<p class=\"has-black-color has-text-color has-link-color has-medium-font-size wp-elements-5182d34db65cf50e366c8323fe0127c5\">2. Der Expertenrat f\u00fcr Klimafragen der Bundesregierung hat die Prognosen des Umweltbundesamts hinsichtlich der deutschen Klimaschutzziele \u00fcberpr\u00fcft, geht teilweise von anderen Annahmen aus und kommt zu einem anderen Schluss. Das Klimaschutzziel von minus 65 % CO<sub>2<\/sub> bis 2030 werde voraussichtlich nicht erreicht; auch das der Klimaneutralit\u00e4t bis 2045 sei keineswegs sicher. Die Bundesregierung m\u00fcsse zus\u00e4tzliche Klimaschutzma\u00dfnahmen veranlassen.&nbsp;&nbsp;<\/p>\n\n\n\n<p class=\"has-black-color has-text-color has-link-color has-medium-font-size wp-elements-60d9f2277a81b30ea159b6b49b0744fd\">3. Das bekannte Mauna Loa Observatorium, das seit vielen Jahrzehnten die CO<sub>2<\/sub>-Konzentration in 3.400 Metern H\u00f6he misst, hat im Mai als neuen H\u00f6chstwert 427 ppm angegeben. In vorindustrieller Zeit lag er bei nur 278 ppm.&nbsp;<\/p>\n\n\n\n<p class=\"has-black-color has-text-color has-link-color has-medium-font-size wp-elements-1b2e99878d59a1f462772de125bc8acd\">4. Weil 80 % der Lebensr\u00e4ume in der EU in einem schlechten Zustand sind, beschlie\u00dft diese ein Renaturierungsgesetz mit dem Ziel, 20 Prozent der gesch\u00e4digten Fl\u00e4chen und Meeresgebiete bis 2030 zu renaturieren bzw. wiederherzustellen. Dazu geh\u00f6ren Wiedervern\u00e4ssung von Mooren, Schutz von Auenlandschaften, Begr\u00fcnung von St\u00e4dten etc. Die vorgesehenen Ma\u00dfnahmen tragen zum Klimaschutz und zu Anpassung an den Klimawandel bei.<\/p>\n\n\n\n<p class=\"has-black-color has-text-color has-link-color has-medium-font-size wp-elements-72a041afb1f5df681ee8bbc72f16f145\">5. Eine historische Hitzewelle w\u00fctet in Griechenland. Sechs Urlauber sterben beim Wandern. In Indien herrscht seit Wochen extreme Hitze mit Temperaturen bis 52 Grad Celsius. Seit M\u00e4rz sind mindestens 110 Menschen an gesundheitlichen Folgen der Hitze gestorben.<\/p>\n\n\n\n<p class=\"has-black-color has-text-color has-link-color has-medium-font-size wp-elements-99c17984ae1f13dad920ce9548f17336\">6. Der Bericht \u201eAdaption Gap Report 2023\u201c \u00fcber Klimaanpassung weltweit der Umweltorganisation der Vereinten Nationen (UNEP) beziffert den Bedarf f\u00fcr Klimaanpassung bei 387 Milliarden US-Dollar j\u00e4hrlich. Mobilisiert werden durch die Industrienationen bislang aber nur 32,4 Milliarden. Damit ist nur ein Zehntel der notwendigen Ma\u00dfnahmen finanziert.<\/p>\n\n\n\n<p class=\"has-black-color has-text-color has-link-color has-medium-font-size wp-elements-1cba60c90a8bd97b9b3f08330255e259\">7. Die H\u00e4ufigkeit und die Intensit\u00e4t von Waldbr\u00e4nden haben sich einer australischen Studie zufolge in den vergangenen 20 Jahren zwischen 2003 und 2023 weltweit mehr als verdoppelt.<\/p>\n\n\n\n<p class=\"has-black-color has-text-color has-link-color has-medium-font-size wp-elements-e25be96a8c35a52bccd8c22ac8381f6b\">8. Bei der UN-Umfrage \u201ePeoples Climate Vote 2024\u201c pl\u00e4dieren vier F\u00fcnftel der 73.000 befragten Menschen f\u00fcr wirksamen Klimaschutz und eine bessere internationale Zusammenarbeit zur Bek\u00e4mpfung der Klimakrise.<\/p>\n\n\n\n<p class=\"has-black-color has-text-color has-link-color has-medium-font-size wp-elements-2dea7cacff4bbaa23868b432f9a9e25f\">9. Am Pfingstmontag (9.6.2024) f\u00fchrt das Sturmtief Ela im Rheinland zu gro\u00dfen Verw\u00fcstungen und fordert sechs Menschenleben. Die Sturmb\u00f6en erreichen eine Geschwindigkeit von bis zu 144 km\/h. Hinzu kommen Gewitter und heftige Regenf\u00e4lle. Open Air Konzerte m\u00fcssen abgebrochen werden. In D\u00fcsseldorf werden 30.000 B\u00e4ume entwurzelt oder v\u00f6llig zerst\u00f6rt.<\/p>\n\n\n\n<p class=\"has-secondary-color has-text-color has-link-color wp-elements-a13bd074024c2e8deb69170b68c5a6c0\"><strong>Klimachronik Mai 2024<\/strong><\/p>\n\n\n\n<p class=\"has-black-color has-text-color has-link-color has-medium-font-size wp-elements-dded480c4fe7c5a985b90f71006af43f\">1. Nach wochenlangen massiven Regenf\u00e4llen in Brasilien ist die Zahl der Todesopfer infolge der \u00dcberschwemmungen auf mehr als 140 gestiegen, \u00fcber 600.000 Menschen mussten ihre H\u00e4user verlassen.<\/p>\n\n\n\n<p class=\"has-black-color has-text-color has-link-color has-medium-font-size wp-elements-1abd206ab2fbca792dd283f5308ca2f5\">2. Die G7-Gruppe, also die USA, Deutschland, Italien, Frankreich, Gro\u00dfbritannien, Kanada und Japan, hat beschlossen, bis 2035 aus der Kohleverbrennung auszusteigen.<\/p>\n\n\n\n<p class=\"has-black-color has-text-color has-link-color has-medium-font-size wp-elements-bb70d82521ebaeb79e1cae6e72e4a71d\">3. Das Oberverwaltungsgericht Berlin-Brandenburg entscheidet nach einer Klage der Deutschen Umwelthilfe, dass die bisherigen Klimaschutz-Ma\u00dfnahmen der Bundesregierung nicht gen\u00fcgen, die Klimaziele zu erreichen. Das Klimaschutzprogramm muss nun \u00fcberarbeitet werden. <\/p>\n\n\n\n<p class=\"has-black-color has-text-color has-link-color has-medium-font-size wp-elements-96c9c6bbba8be3758f918dc99f7366ae\">4. Der Deutsche Wetterdienst registriert \u00fcber 100 Liter Regen pro Quadratmeter in nicht einmal 24 Stunden an vielen Messstellen im Saarland an einem Tag. Im gesamten vergangenen Monat April waren in diesem Bundesland rund 74 Liter Regen pro Quadratmeter gemessen worden. Angesichts der starken Regenf\u00e4lle und der \u00dcberflutungen ruft die Stadt Saarbr\u00fccken eine \u201eGro\u00dfschadenslage\u201c aus. Mehrere Geb\u00e4ude im Stadtgebiet m\u00fcssten evakuiert werden. \u00dcberschwemmungen auch in Rheinland-Pfalz und der Oberpfalz. Neben massiven Sachsch\u00e4den ist ein Todesopfer zu beklagen.<\/p>\n\n\n\n<p class=\"has-black-color has-text-color has-link-color has-medium-font-size wp-elements-616e637ef76893bcff90126a9133499c\">5. Aufgrund eines extrem regenreichen Fr\u00fchjahrs sind in Afghanistan bis Mitte Mai mindestens 420 Menschen durch \u00dcberflutungen und Hochwasser ums Leben gekommen.&nbsp;<\/p>\n\n\n\n<p class=\"has-black-color has-text-color has-link-color has-medium-font-size wp-elements-916516b2bd81cbe3ce4a656fdfc98a50\">6. Am M\u00fcnchner Flughafen st\u00f6ren Aktivisten der Letzten Generation den Betrieb durch Festkleben auf den Rollbahnen. Eine der beiden Start- und Landebahnen ist f\u00fcr zwei Stunden gesperrt, die andere f\u00fcr drei. Acht Personen werden in Polizeigewahrsam genommen.<\/p>\n\n\n\n<p class=\"has-black-color has-text-color has-link-color has-medium-font-size wp-elements-4b53a1e928d7e80eb1625014d0bb832d\">7. Der Humboldt-Gletscher in Venezuela auf fast 5.000 Meter H\u00f6he, benannt nach dem bekannten deutschen Naturforscher, ist infolge der Erderw\u00e4rmung abgetaut und verschwunden. Forscher erwarten, dass alle Berggletscher au\u00dferhalb Gr\u00f6nlands und der Antarktis bis Ende des Jahrhunderts dasselbe Schicksal ereilt.&nbsp;<\/p>\n\n\n\n<p class=\"has-black-color has-text-color has-link-color has-medium-font-size wp-elements-4ce4049ba1826b9c209eacabc294b02c\">8. Durch den auftauenden Permafrostboden im Norden Alaskas werden Eisen und andere Metalle in Fl\u00fcsse geschwemmt und hinterlassen dort eine auff\u00e4llige orangene F\u00e4rbung. Diese Metalle verschlechtern die Trinkwasserqualit\u00e4t und f\u00fchren zu einem Artenr\u00fcckgang in den betroffenen 75 Fl\u00fcssen.<\/p>\n\n\n\n<p class=\"has-black-color has-text-color has-link-color has-medium-font-size wp-elements-bfa40a670bec86222dc1900f8e2c7d72\">9. In der indischen Hauptstadt Neu Dehli wird Ende Mai mit 52,3 Grad Celsius ein neuer Hitzerekord erreicht.&nbsp;<\/p>\n\n\n\n<p class=\"has-secondary-color has-text-color has-link-color wp-elements-8cec65e61e3da5e3566c5fc1d0e1061d\"><strong>Klimachronik April 2024<\/strong><\/p>\n\n\n\n<p class=\"has-black-color has-text-color has-link-color has-medium-font-size wp-elements-5fb090f2f33fe9e092845830a6c77a1d\">1. Nach dem satellitengest\u00fctzten Erdbeobachtungsdienst der EU &#8222;Copernicus&#8220; war die Erde im M\u00e4rz noch nie so warm wie im M\u00e4rz dieses Jahres. Vor Beginn des Industriezeitalters war ein durchschnittlicher M\u00e4rz 1,68 Grad Celsius k\u00fchler. Laut Copernicus ist dieser Rekord kein Ausrei\u00dfer, denn seit Juni 2023 sei Monat f\u00fcr Monat erneut ein Temperaturrekord zu vermelden.<\/p>\n\n\n\n<p class=\"has-black-color has-text-color has-link-color has-medium-font-size wp-elements-36e7256b74b80ab8843258006e6a7a0f\">2. Der Europ\u00e4ische Gerichtshof f\u00fcr Menschenrechte gibt einer Klage der Schweizer \u201eKlima-Seniorinnen\u201c statt, die mehr Schutz vor den Folgen des Klimawandels von ihrem Land eingefordert hatten. Wie die Schweiz dem folgt, ist abzuwarten. Unabh\u00e4ngig von der Frage der Umsetzung ist damit gerichtlich gekl\u00e4rt, dass es sich beim Klimaschutz um ein Menschenrecht handelt.&nbsp;<\/p>\n\n\n\n<p class=\"has-black-color has-text-color has-link-color has-medium-font-size wp-elements-7254dde4c4ce35fd0d4336bc23c2c8a4\">3. In der EU sind im Jahr 2023 mehr als eine halbe Million Hektar durch Waldbr\u00e4nde zerst\u00f6rt worden, eine Fl\u00e4che doppelt so gro\u00df wie Luxemburg. Das teilt die Gemeinsame Forschungsstelle der Europ\u00e4ischen Kommission (JRC) mit, verbunden mit der Warnung, dass sich die Lage in Zukunft noch verschlimmern k\u00f6nnte. Die verbrannte Fl\u00e4che entspricht der doppelten Gr\u00f6\u00dfe Luxemburgs.<\/p>\n\n\n\n<p class=\"has-black-color has-text-color has-link-color has-medium-font-size wp-elements-aac4ad54f4b95fd6417c0fc3e11b4494\">4. Mit rund 52 Mio. Tonnen CO<sub>2<\/sub>-\u00c4quivalenten weniger hat die Energiewirtschaft den st\u00e4rksten Beitrag zum Emissionsr\u00fcckgang von 2022 auf 2023 in Deutschland geleistet. Dies lag vor allem an einer stark gesunkenen Verstromung von Kohle und der schw\u00e4chere Stromnachfrage der energieintensiven Industrie. Der hat auch 2023 deutlich mehr Abgase verursacht, als gesetzlich erlaubt, n\u00e4mlich 12,8 Mio. t CO<sub>2<\/sub>-\u00c4q. Das hat der unabh\u00e4ngige Expertenrat f\u00fcr Klimafragen der Bundesregierung in seinem Pr\u00fcfbericht zu den Emissionsdaten 2023 festgestellt.<\/p>\n\n\n\n<p class=\"has-black-color has-text-color has-link-color has-medium-font-size wp-elements-a3c2c4e8b10476b51ca3cf8250753925\">5. Die Ampel-Fraktionen verst\u00e4ndigen sich nach monatelangem Ringen auf ein neues Klimaschutzgesetz. Bislang wurden die Treibhausgase jeweils f\u00fcr das zur\u00fcckliegende Jahr bilanziert und die f\u00fcr Emissionssektoren verantwortlichen Ministerien hatten bei \u00dcberschreitung der im Klimaschutzgesetz enthaltenen Limits Sofortprogramme vorzulegen. K\u00fcnftig wird nur alle zwei Jahre Bilanz gezogen und sektor\u00fcbergreifend darf die insgesamt f\u00fcr Deutschland zul\u00e4ssige Menge an CO<sub>2<\/sub>-\u00c4quivalenten nicht \u00fcberschritten sein. Auch f\u00fcr Zeitraum zwischen 2030 und 2040 m\u00fcssen Klimaschutzprogramme erarbeitet werden.<\/p>\n\n\n\n<p class=\"has-black-color has-text-color has-link-color has-medium-font-size wp-elements-357c28439641c030b73562c7837e7e16\">6. Die Forscher des Potsdam-Instituts f\u00fcr Klimafolgenforschung (PIK) warnen in einer Studie vor enormen wirtschaftlichen Sch\u00e4den aufgrund des Klimawandels. Diese globalen Sch\u00e4den w\u00fcrden sechsmal h\u00f6her ausfallen als die veranschlagten Kosten f\u00fcr Klimaschutzma\u00dfnahmen zur Begrenzung der Erderw\u00e4rmung auf maximal zwei Grad.<\/p>\n\n\n\n<p class=\"has-black-color has-text-color has-link-color has-medium-font-size wp-elements-8091deee43e412c66f56eb590b695d36\">7. Die Vereinigten Arabischen Emirate verzeichnen die st\u00e4rksten Regenf\u00e4lle seit 75 Jahren. \u00dcberschwemmungen auch in Russland: Wegen gro\u00dfer Mengen an Schmelzwasser aus dem Uralgebirge treten Fl\u00fcsse \u00fcber die Ufer, D\u00e4mme brechen und Tausende H\u00e4user werden \u00fcberflutet. \u00c4hnlich in Pakistan: Hier sterben innerhalb von vier Tagen mindestens 65 Menschen, viele werden von einst\u00fcrzenden W\u00e4nden und D\u00e4chern erschlagen.<\/p>\n\n\n\n<p class=\"has-black-color has-text-color has-link-color has-medium-font-size wp-elements-bf51ed41f063e102b32a42c63a56fd2d\">8. Beim Petersberger Dialog in Berlin h\u00e4lt der aserbaidschanische Umweltminister Mukhtar Babayev ein Pl\u00e4doyer f\u00fcr mehr Klimaschutz. Aserbeidschan ist der Gastgeber der 29. Weltklimakonferenz (COP29) im November 2024 in der Hauptstadt Baku, Babayev der k\u00fcnftige COP-Pr\u00e4sident.<\/p>\n\n\n\n<p class=\"has-secondary-color has-text-color has-link-color has-x-large-font-size wp-elements-1b560c593b87ce633dda16cb8156e489\"><strong>Klimachronik M\u00e4rz 2024<\/strong><\/p>\n\n\n\n<p class=\"has-black-color has-text-color has-link-color has-medium-font-size wp-elements-a273a2a6db7cdc97a9993c52380c55ac\">1. R\u00fcckblickend auf den Februar ist festzuhalten, dass dieser Monat mit durchschnittlich 6,6 Grad Celsius noch nie so warm war wie im Jahr 2024.<\/p>\n\n\n\n<p class=\"has-black-color has-text-color has-link-color has-medium-font-size wp-elements-82e412834f574701f6e75b561edd8923\">2. Die Bodenfeuchte in den oberen Bodenschichten lag nur ganz im S\u00fcden der Republik unter dem Durchschnitt der Jahre von 1991-2020. Die \u00fcppigen Regenf\u00e4lle dieses Winters haben die Regendefizite und die Bodentrockenheit der letzten Jahre weitgehend ausgeglichen.&nbsp;<\/p>\n\n\n\n<p class=\"has-black-color has-text-color has-link-color has-medium-font-size wp-elements-9fb19695d6e72f30e18623358223d338\">3.  Die L\u00e4nder der EU&nbsp; und die Staatengemeinschaft insgesamt sind v\u00f6llig unzureichend auf die Folgen des Klimawandels vorbereitet, so ein Bericht der Europ\u00e4ischen Umweltagentur EUA. Sie identifizieren dabei 35 Risiken. Allein infolge von Hitzewellen k\u00f6nnten Hunderttausende von Menschen sterben. Europa ist laut EUA der sich am schnellsten erw\u00e4rmende Kontinent. Seit den 1980er Jahren verlief die Erw\u00e4rmung auf dem europ\u00e4ischen Festland demnach etwa doppelt so schnell wie im globalen Durchschnitt.&nbsp;<\/p>\n\n\n\n<p class=\"has-black-color has-text-color has-link-color has-medium-font-size wp-elements-4800432a1f5d65f02e54682e2031b66f\">4. Bundeswirtschaftsminister Habeck legt einen Gesetzentwurf zur unterirdischen Speicherung von Kohlendioxid vor. Schwer vermeidbares CO<sub>2<\/sub> aus Kalk- und Zementproduktion, Gaskraftwerken oder Abfallverbrennung soll \u00fcber Pipelines zur Nordsee transportiert und dann unter dem Meeresboden verpresst werden. Meeresschutzgebiete sind ausgenommen. Diese Initiative st\u00f6\u00dft auf Kritik bei den Umweltverb\u00e4nden, vor allem die Einbeziehung der Gaskraftwerke.<\/p>\n\n\n\n<p class=\"has-black-color has-text-color has-link-color has-medium-font-size wp-elements-8f9b43c26aa05b3ff21878fc7b6a6052\">5.  Damit Unternehmen in Techniken zur CO<sub>2<\/sub>-Vermeidung investieren, will Bundeswirtschaftsminister Habeck k\u00fcnftig die Mehrkosten erstatten. Das zur Verf\u00fcgung stehende Budget wird per Ausschreibung gegen Gebot an die Bewerber ausgereicht. In der ersten Gebotsrunde sind 4 Mrd. Euro zu verteilen, in der zweiten 19 Mrd. Euro. Sparen diese Unternehmen im europ\u00e4ische Emissionshandel durch die umgesetzten Ma\u00dfnahmen Geld ein, sollen diese Gelder an den Staat zur\u00fcckflie\u00dfen. Das Programm findet \u00fcberwiegend Zustimmung bei Wirtschaft und Umweltverb\u00e4nden. <\/p>\n\n\n\n<p class=\"has-black-color has-text-color has-link-color has-medium-font-size wp-elements-c5ed325e9b91261cd5f9e14232712f53\">6. Die Bundesregierung kann in der CO<sub>2<\/sub>-Jahresbilanz f\u00fcr 2023 eine Reduzierung um 10,1 Prozent gegen\u00fcber dem Vorjahr vermelden und damit den st\u00e4rksten R\u00fcckgang seit 1990. Die Hauptgr\u00fcnde f\u00fcr diesen Erfolg liegen im R\u00fcckgang der Kohleverstromung, im Ausbau der erneuerbaren Energien und in der schw\u00e4chelnden Wirtschaft. Nach den Zahlen und Prognosen des Umweltbundesamts kann Deutschland im Fall des Kohleausstiegs bis 2030 das im Klimaschutzgesetz (KSG) fixierte Ziel von minus 65 Prozent bis Ende des Jahrzehnts erreichen. Die Emissionssektoren Geb\u00e4ude und Verkehr liegen 2023 allerdings wie in den Vorjahren erneut \u00fcber die Limits des KSG.          &nbsp;&nbsp;&nbsp;&nbsp;&nbsp;&nbsp;&nbsp;&nbsp;<\/p>\n\n\n\n<p class=\"has-secondary-color has-text-color has-link-color has-x-large-font-size wp-elements-90de0045adf9622e7a19e73b33319a05\"><strong>Klimachronik Februar 2024<\/strong><\/p>\n\n\n\n<p class=\"has-black-color has-text-color has-link-color has-medium-font-size wp-elements-713032317e0d95a237ac4198d42a801a\">1. Nach einer Untersuchung von ZSW\/BDEW wurde der deutsche Bruttostromverbrauch des Jahres 2023 zu knapp 52 % aus erneuerbaren Quellen gedeckt, 5 Prozentpunkte mehr als im Vorjahr. Speziell die Energiewirtschaft hat 2023 rund 18 % weniger Treibhausgase incl. CO<sub>2 <\/sub>als Vorjahr emittiert (trotz Abschaltung der drei letzten AKW).<\/p>\n\n\n\n<p class=\"has-black-color has-text-color has-link-color has-medium-font-size wp-elements-54b9f0bdbc1de1cdf2d0ad0b8a10ea49\">2. Die Bundesregierung einigt sich auf Strategie zum Ausbau wasserstofff\u00e4higer Gaskraftwerke mit einer Gesamtleistung von 10 Gigawatt (GW). Daf\u00fcr werden staatliche F\u00f6rdermittel in H\u00f6he von 16 Mrd. Euro auf den Zeitraum von 20 Jahren zur Verf\u00fcgung gestellt. Das Vorhaben soll noch mit der EU-Kommission abgestimmt werden.<\/p>\n\n\n\n<p class=\"has-black-color has-text-color has-link-color has-medium-font-size wp-elements-9367d73c306ee5297101a87eb602d20d\">3.&nbsp; Aufgrund einer wochenlangen D\u00fcrre und ausbleibendem Regen in Katalonien\/Spanien wird dort der D\u00fcrrenotstand f\u00fcr 202 Gemeinden, darunter Barcelona, ausgerufen.&nbsp; Alle B\u00fcrger in den betroffenen Gebieten d\u00fcrfen pro Tag maximal 200 Liter Wasser verbrauchen. Private G\u00e4rten und \u00f6ffentliche Parks d\u00fcrfen nur mit wiederaufbereitetem Wasser bew\u00e4ssert werden. Auch die Landwirtschaft ist hart betroffen von diesen Einschr\u00e4nkungen. Der Regionalpr\u00e4sident spricht von der schlimmsten D\u00fcrre seit mehr als 100 Jahren. Die Stauseen sind nur noch zu knapp 16 % mit Wasser gef\u00fcllt.<\/p>\n\n\n\n<p class=\"has-black-color has-text-color has-link-color has-medium-font-size wp-elements-d7156c39705e7eccfdd69d5c8fb41b43\">4. In Sambia sterben bis Anfang Februar fast 600 Menschen an der Cholera. Ursache f\u00fcr den Ausbruch der Cholera sind gro\u00dffl\u00e4chige \u00dcberschwemmungen nach Starkregen, \u00fcberlastete Kanalisation, F\u00e4kalien in den Stra\u00dfen und verschmutztes Trinkwasser. Fachleute f\u00fchren dieses Extremwetter auf den globalen Klimawandel zur\u00fcck. <\/p>\n\n\n\n<p class=\"has-black-color has-text-color has-link-color has-medium-font-size wp-elements-55d914eda54431656eb42cb259b7eb92\">5. In der EU soll das \u201eRecht auf Reparatur\u201c von Haushaltsger\u00e4ten, Wei\u00dfer Ware (wie Waschmaschinen) und Handys kommen. F\u00fcr reparierte Ger\u00e4te gilt eine Gew\u00e4hrleistung von einem Jahr. Die EU-Kommission sch\u00e4tzt, dass durch die Ma\u00dfnahmen 18,5 Mio. Tonnen Treibhausgase vermieden werden k\u00f6nnen.<\/p>\n\n\n\n<p class=\"has-black-color has-text-color has-link-color has-medium-font-size wp-elements-39a6d8228cedc8326650a32087ea9541\">6. Die Bundesregierung hat auf EU-Ebene strengeren Flottengrenzwerten f\u00fcr Lkw und Busse zugestimmt, mit denen festgelegt wird, wieviel klimasch\u00e4dliches CO<sub>2<\/sub> diese Fahrzeuge k\u00fcnftig aussto\u00dfen d\u00fcrfen. Verglichen mit 2019 sollen die CO<sub>2<\/sub>-Emissionen von Reisebussen und Lkw bis 2040 um 90 Prozent sinken. Der unter den EU-Staaten abgestimmten Regelung muss noch das Plenum des Europaparlaments zustimmen.<\/p>\n\n\n\n<p class=\"has-black-color has-text-color has-link-color has-medium-font-size wp-elements-e110f52e5ffc1bb9e5ac0fcb3c625ef5\">7. Der etwa 8.400 km<sup>2 <\/sup>gro\u00dfe Titicacasee in den Anden schrumpft und trocknet aus. Dieser seit \u00fcber 20 Jahren feststellbare Trend ist ebenfalls auf den Klimawandel zur\u00fcckzuf\u00fchren. Weil der Fischfang zur\u00fcckgeht, droht den Fischern und Anwohnern der Verlust ihrer Lebensgrundlage.&nbsp;<\/p>\n\n\n\n<p class=\"has-black-color has-text-color has-link-color has-medium-font-size wp-elements-bd61d2fdbef14330f4d849368a87c333\">8. Bundeswirtschaftsminister Robert Habeck will mit einem Gesetzesentwurf die Voraussetzungen daf\u00fcr schaffen, dass klimasch\u00e4dliches Kohlendioxid aus bestimmten Bereichen wie der Zement- oder Kalkindustrie, aus M\u00fcll- und Gaskraftwerken k\u00fcnftig abgeschieden und gespeichert wird. Dies soll auf hoher See geschehen, Meeresschutzgebiete w\u00fcrden dabei ausgeschlossen. An Land soll die Speicherung weiter untersagt bleiben. Diese Eckpunkte sind Teil einer Carbon Management-Strategie zu verstehen.<\/p>\n\n\n\n<p class=\"has-black-color has-text-color has-link-color has-medium-font-size wp-elements-b271d2518fac552c0f80da124f116064\">9. Die R\u00fcckversicherung Swiss Re hat die globalen Sch\u00e4den durch den Klimawandel im Jahr 2022 anhand von vier Wetterextremen (\u00dcberschwemmungen, tropische Wirbelst\u00fcrme, schwere Gewitter und Winterst\u00fcrme in Europa) beziffert und den L\u00e4ndern zugeordnet. Weltweit verursachen diese Wetterextreme zusammen wirtschaftliche Sch\u00e4den von gesch\u00e4tzt rund 200 Milliarden Dollar pro Jahr. Hitzewellen sind dabei noch gar nicht ber\u00fccksichtigt. Deutschland liegt mit seinen Schadenskosten im Umfang von 0,14 % des BIP auf Platz 14 des globalen Rankings. Spitzenreiter sind die Philippinen, der Anteil der Klimasch\u00e4den am BIP betr\u00e4gt hier rund 3 %.<\/p>\n\n\n\n<p class=\"has-medium-font-size\"><\/p>\n\n\n\n<p class=\"has-secondary-color has-text-color has-link-color has-x-large-font-size wp-elements-b174db96098ab656025f09c2af8ccc17\"><strong>Klimachronik<\/strong> <strong>Januar 2024<\/strong><\/p>\n\n\n\n<p class=\"has-black-color has-text-color has-link-color has-medium-font-size wp-elements-de187a848be00afb2806e0aa8d465260\">1. In Teilen Deutschlands gibt es aufgrund langanhaltender Regenf\u00e4lle gro\u00dffl\u00e4chige \u00dcberschwemmungen an einer Reihe von Fl\u00fcssen und Nebenfl\u00fcssen. Vor allem Niedersachsen ist schwer betroffen, aber auch Teile von Sachsen-Anhalt, der Oberpfalz, Ober- und Unterfrankens. Feuerwehr, THW und viele freiwillige Helfer sind im Dauereinsatz, pumpen Wasser ab und verst\u00e4rken die Deiche. Meteorologen weisen auf den Klimawandel hin, der zu einem Anstieg der Regenmengen im langj\u00e4hrigen Mittel seit dem Ende des 19. Jahrhunderts gef\u00fchrt habe; ein Trend, der vor allem in den drei Wintermonaten deutlich ausf\u00e4llt.<\/p>\n\n\n\n<p class=\"has-black-color has-text-color has-link-color has-medium-font-size wp-elements-1469f88f4bbb0589a267f8b922d0f19c\">2. Nach Aussage des Thinktanks Agora Energiewende sind die deutschen CO<sub>2<\/sub>-Emissionen im Jahr 2023 im Vergleich zum Vorjahr um ca. 10 Prozent gesunken. Die Gr\u00fcnde liegen im zunehmenden Anteil des Regenerativstroms, in der der schwacher Konjunktur und in Einbr\u00fcchen bei energieintensiven Industrien. Au\u00dferdem tragen die Importe von EE-Strom bzw. von Atomstrom und eine geringere Stromproduktion aus Braunkohle zu diesem Ergebnis bei. Ein dauerhafte Emissionssenkung sei allerdings nicht erwarten. F\u00fcr die Emissionssektoren Verkehr und Geb\u00e4ude sei eine erneute \u00dcberschreitung der im Klimaschutzgesetz fixierten CO<sub>2<\/sub>-Budgets zu erwarten.<\/p>\n\n\n\n<p class=\"has-black-color has-text-color has-link-color has-medium-font-size wp-elements-a4d7c4399f0261a5378fed337abb9ec6\">3. Laut Bericht des EU-Erdbeobachtungsprogramms Copernicus zeigte das vergangene Jahr 2023 mit 14,98 Grad Celsius die w\u00e4rmsten Durchschnittstemperaturen auf der Oberfl\u00e4che der Erde seit Beginn der Aufzeichnungen (1850); 0,17 Grad Celsius mehr als im bislang w\u00e4rmsten Jahr 2016. <\/p>\n\n\n\n<p class=\"has-black-color has-text-color has-link-color has-medium-font-size wp-elements-cdb38fda69caaaf24567f6c39ab8d13f\">4. W\u00e4hrend Finanzminister Lindner ank\u00fcndigt, dass das Klimageld erst in der n\u00e4chsten Legislaturperiode ab 2025 von der n\u00e4chsten Regierung ausgezahlt werden k\u00f6nne, fordern 16 Verb\u00e4nde, unter anderem Caritas, Diakonie und Verbraucherzentrale, in einem offenen Brief die zeitnahe Umsetzung dieses im Koalitionsvertrag enthaltenen Vorhabens.<\/p>\n\n\n\n<p class=\"has-black-color has-text-color has-link-color has-medium-font-size wp-elements-e8fb16c9767b087cf0005ebf380532f9\">5. Der Zuwachs bei Elektroautos hat sich 2023 in Deutschland verlangsamt. Insgesamt wurden 524.219 E-Autos laut Kraftfahrt-Bundesamt neu zugelassen und damit 11,4 Prozent mehr als im Vorjahr. Im vergangenen Jahr war die Zahl der Neuzulassungen bei diesen Fahrzeugen allerdings noch um 30 Prozent gestiegen.&nbsp;<\/p>\n\n\n\n<p class=\"has-black-color has-text-color has-link-color has-medium-font-size wp-elements-d6be4febf5f8753ba9873ff8bcb74365\">6. In mehreren Bundesstaaten der USA sind heftige Schneef\u00e4lle und Temperaturen bis minus 26 Grad Celsius. Die K\u00e4ltewelle dringt ungew\u00f6hnlich weit in den S\u00fcden vor und fordert bis 20.01.2024 bereits 50 Tote, in Tennessee allein schon 17.<\/p>\n\n\n\n<p class=\"has-black-color has-text-color has-link-color has-medium-font-size wp-elements-4536b76aefebc590876c9cf6ae28cffe\">7. Ende Januar k\u00fcndigt die \u201eLetzte Generation\u201c an, k\u00fcnftig auf das Festkleben auf Stra\u00dfenbelag zu verzichten. Ab M\u00e4rz werde man zu \u201eungehorsamen Versammlungen\u201c und anderen Protestformen \u00fcbergehen.&nbsp;<\/p>\n\n\n\n<p class=\"has-black-color has-text-color has-link-color has-medium-font-size wp-elements-98ffa0045c8595aff9c47e036f3a5197\">8. Das Geb\u00e4udeenergiegesetz und das W\u00e4rmeplanungsgesetz treten am 01.01.2024 in Kraft, beides wichtige Rahmensetzungen vor allem hinsichtlich der CO<sub>2<\/sub>-Emissionen durch Geb\u00e4ude.  &nbsp;<\/p>\n\n\n\n<p class=\"has-medium-font-size\"><\/p>\n\n\n\n<p class=\"has-secondary-color has-text-color has-link-color has-x-large-font-size wp-elements-83fa49692cd6d2f22df6172d9f12eceb\"><strong>Klimachronik<\/strong> <strong>Dezember 2023<\/strong><\/p>\n\n\n\n<p class=\"has-black-color has-text-color has-link-color has-medium-font-size wp-elements-fdf16d0c201f1841215801d5ca5d3478\">1. Auf der UN-Klimaschutzkonferenz COP 28 wird der von Olaf Scholz bereits 2021 angek\u00fcndigte Klimaclub offiziell gegr\u00fcndet und kann seine Arbeit aufnehmen. 35 L\u00e4nder nehmen bereits teil, auch die Europ\u00e4ische Union ist mit dabei. Der Klimaclub war urspr\u00fcnglich gedacht f\u00fcr besonders ambitionierten Klimaschutz. Inzwischen ist daraus ein Gespr\u00e4chsforum geworden.<\/p>\n\n\n\n<p class=\"has-black-color has-text-color has-link-color has-medium-font-size wp-elements-1671f364afe695a103a12f2ba87a09ab\">2. Am dritten Tag der COP 28 gibt es Fortschritte bei der Regulierung von Methan, einem der gef\u00e4hrlichsten Treibhausgase \u2013 wenn auch bisher nur mit neuen Ank\u00fcndigungen. Die USA stellen eine neue Regulierung des \u00d6l- und Gassektors vor.<\/p>\n\n\n\n<p class=\"has-black-color has-text-color has-link-color has-medium-font-size wp-elements-890c71260fe6a068080efc42f39adf95\">3. 118 Staaten haben sich auf der COP 28 gemeinsam f\u00fcr die Verdreifachung der Erneuerbaren und die Verdopplung der Energieeffizienz bis 2030 ausgesprochen. Im Schlussdokument auch enthalten ist das mit der 1,5 Grad-Grenze kompatible Ziel, 43 Prozent der globalen Treibhausgasemissionen bis 2030 einzusparen.<\/p>\n\n\n\n<p class=\"has-black-color has-text-color has-link-color has-medium-font-size wp-elements-49844b185eb9c81d94e7b497cc461020\">4. Nach harten Ringen und einer zeitlichen Verl\u00e4ngerung der Konferenz konnte sich die COP 28 auch auf ein Auslaufen der fossilen Energietr\u00e4ger Mitte des Jahrhunderts verst\u00e4ndigen. Ziel ist demnach der \u201e\u00dcbergang weg von fossilen Energietr\u00e4gern in den Energiesystemen\u201c. Daf\u00fcr sollen emissionsfreie und emissionsarme Technologien beschleunigt entwickelt werden, darunter erneuerbare Energien, Atomkraft, aber auch Technologien wie die Abscheidung und Speicherung von CO\u2082 (CCS). Den oft geforderten \u201eAusstieg\u201c aus den fossilen Energien wollten die F\u00f6rderl\u00e4nder nicht in der Resolution sehen.<\/p>\n\n\n\n<p class=\"has-black-color has-text-color has-link-color has-medium-font-size wp-elements-1f57dea6d2be4726c510d1f8689e4d58\">5. Laut einem Bericht von <em>Der Spiegel (Nr. 50) <\/em>wurde 2022 weltweit eine Rekordmenge der fossilen Energietr\u00e4ger Erd\u00f6l, Erdgas und Kohle verbraucht. Auch die Treibhausgas-Emissionen haben einen neuen H\u00f6chststand erreicht.<\/p>\n\n\n\n<p class=\"has-black-color has-text-color has-link-color has-medium-font-size wp-elements-478e5f7f5ddc72338bae7d88065cb1d8\">6. Gleichzeitig erwirtschafteten die f\u00fcnf gr\u00f6\u00dften westlichen Gas- und \u00d6lkonzerne letztes Jahr einen Gewinn von 200 Mrd. US-Dollar. Sie investierten weit \u00fcberwiegend wieder in fossile Energien. Nur etwa ein Zehntel dieser Summe floss in klimaschonende Projekte wie Solar- und Windparks.<\/p>\n\n\n\n<p class=\"has-black-color has-text-color has-link-color has-medium-font-size wp-elements-859b75d0cacb68d43ac8b94e2c82b87f\">7. Die Finanzierung des Klima- und Transformationsfonds (KTF) mit einem Volumen von 60 Mrd. Euro \u00fcber neue Schulden bzw. Sonderverm\u00f6gen au\u00dferhalb des regul\u00e4ren Haushalts ist laut Urteil des Bundesverfassungsgerichts verfassungswidrig. Die Bundesregierung sucht einen Teil der Ma\u00dfnahmen und Projekte \u00fcber einen Nachtraghaushalt zu sichern, andere entfallen, wie die Bezuschussung von E-Autos. Laut einer Studie der Bertelsmann-Stiftung w\u00fcrde der komplette Wegfall einen Verlust von bis zu 600.000 Arbeitspl\u00e4tzen bedeuten.<\/p>\n\n\n\n<p class=\"has-black-color has-text-color has-link-color has-medium-font-size wp-elements-8854870273e256534cf037179b2acb06\">8. Seit Beginn der Aufzeichnungen des Deutschen Wetterdienstes war die Durchschnittstemperatur in Deutschland und weltweit noch nie so hoch wie im Jahr 2023 &nbsp;&nbsp;&nbsp;&nbsp;&nbsp;&nbsp;<\/p>\n\n\n\n<p class=\"has-medium-font-size\"><\/p>\n\n\n\n<p class=\"has-secondary-color has-text-color has-link-color has-x-large-font-size wp-elements-0dbb5868b3ba31b7ef6074eaf26abd79\"><strong>Klimachronik<\/strong> <strong>November 2023<\/strong><\/p>\n\n\n\n<p class=\"has-black-color has-text-color has-link-color has-medium-font-size wp-elements-82e6d9e32ff33466dc4c971b5ca31236\">1. Die australische Regierung bereit, die 11.200 Bewohner der von \u00dcberflutung bedrohten Inselgruppe Tavalu aufzunehmen. Tuvalu besteht aus neun niedrig gelegenen Inseln im Pazifik. Der h\u00f6chste Punkt der Inseln liegt nur etwa f\u00fcnf Meter \u00fcber dem Meeresspiegel. Angesichts des steigenden Meeresspiegels ist das Land stark von der Erderw\u00e4rmung bedroht.<\/p>\n\n\n\n<p class=\"has-black-color has-text-color has-link-color has-medium-font-size wp-elements-4541732c9143c921170fdac8fd0a1356\">2. Ein geplantes EU-Naturschutzgesetz soll die EU-Mitgliedsstaaten darauf verpflichten, bis 2030 Ma\u00dfnahmen zu ergreifen, um die Natur auf 20 Prozent der EU-Landesfl\u00e4chen (W\u00e4lder, Moore etc.) und im Meer wiederherstellen.<\/p>\n\n\n\n<p class=\"has-black-color has-text-color has-link-color has-medium-font-size wp-elements-e8f2ef7d5e1423fc801ab3dc4e0cd366\">3. Bund, L\u00e4nder und Kommunen m\u00fcssen k\u00fcnftig Pl\u00e4ne zur Anpassung an Folgen der Erderw\u00e4rmung ausarbeiten. Ein vom Bundestag beschlossenes Gesetz schreibt Bund, L\u00e4ndern und Kommunen Ma\u00dfnahmen zur Anpassung an den Klimawandel und Berichtspflichten vor. Um Sch\u00e4den an der Infrastruktur und negative Folgen f\u00fcr die Bev\u00f6lkerung zu verhindern, m\u00fcssen die Kommunen Vorsorge f\u00fcr Starkregen, Hitze oder D\u00fcrre treffen. In St\u00e4dten kann das beispielsweise bedeuten, dass Fl\u00e4chen entsiegelt, B\u00e4ume gepflanzt oder Fassaden begr\u00fcnt werden.<\/p>\n\n\n\n<p class=\"has-medium-font-size\"><\/p>\n\n\n\n<p class=\"has-secondary-color has-text-color has-link-color has-x-large-font-size wp-elements-adcf89e5815ce1d63c5bbfdee37f95c5\"><strong>Klimachronik Oktober 2023<\/strong><\/p>\n\n\n\n<p class=\"has-black-color has-text-color has-link-color has-medium-font-size wp-elements-ca8cb8e97105a0022781048326309efb\">1. Bulgarien hat den Ausstieg aus der Kohle beschlossen, um sich 2,2 Milliarden Euro EU-Hilfen zu sichern. In den Kohleregionen gibt es Stra\u00dfenblockaden und Proteste dagegen. Die Demonstranten fordern die R\u00fccknahme der Entscheidung. Tagesschau<\/p>\n\n\n\n<p class=\"has-black-color has-text-color has-link-color has-medium-font-size wp-elements-b3c54dc89b07cbef051eb5ae3f2a7f8d\">2. Eine globale Bestandsaufnahme des internationalen Netzwerks UNFCCC fasst den Stand der Bem\u00fchungen um Klimaschutz und Minderung der Treibhausgase im Hinblick auf die geplante UN-Klimakonferenz COP 28 im Dezember zusammen. Aktuell w\u00fcrden etwa 40 Gigatonnen (Gt) emittiert. Diese Menge m\u00fcsse bis 2030 fast halbiert werden, aber nur etwa knapp die H\u00e4lfte der notwendigen Reduktion sei mit den gegenw\u00e4rtigen Ma\u00dfnahmen realistisch. Deshalb sei das 1,5 Grad Ziel kaum noch zu erreichen. Der Peak der Emissionen m\u00fcsse 2025 \u00fcberschritten werden, der Anteil der Erneuerbaren Energien bis 2030 verdreifacht werden. <\/p>\n\n\n\n<p class=\"has-black-color has-text-color has-link-color has-medium-font-size wp-elements-0131a8c12d2e9ca26b2f18c510d73493\">3. Die Bayerische Versicherungskammer beziffert die Sch\u00e4den des Hagelsturms \u201eDenis\u201c, der am 26. August Bad Bayersoien verw\u00fcstete und in weniger als einer halben Stunde 384 H\u00e4user und 4.500 Fahrzeuge besch\u00e4digte, davon die meisten bis zur Schrottreife, auf 170 Mio. Euro.<\/p>\n\n\n\n<p class=\"has-black-color has-text-color has-link-color has-medium-font-size wp-elements-84a8f6da514609caa9430338a8dc2f24\">4. Der Niederl\u00e4nder und fr\u00fchere \u00d6lmanager Wopke Hoekstra wird zum Klimakommissar der EU ernannt.<\/p>\n","protected":false},"excerpt":{"rendered":"<p>Klimachronik April 2026 1. Wie die S\u00fcddeutsche Zeitung aus der Forschung berichtet, nimmt die Wahrscheinlichkeit eines neuen El Ninos in diesem und n\u00e4chstem Jahr mit der Folge einer weiteren mittleren Erderw\u00e4rmung um 0,2 Grad Celsius gerade zu. 2. Griechenland leidet unter Starkregen, Orkanb\u00f6en und Saharastaub. In Athen kommt ein Mann auf einer \u00fcberschwemmten Stra\u00dfe ums [&hellip;]<\/p>\n","protected":false},"author":1,"featured_media":0,"parent":0,"menu_order":-1,"comment_status":"closed","ping_status":"closed","template":"","meta":{"footnotes":""},"class_list":["post-54","page","type-page","status-publish","hentry"],"_links":{"self":[{"href":"https:\/\/klimaseite.info\/index.php?rest_route=\/wp\/v2\/pages\/54","targetHints":{"allow":["GET"]}}],"collection":[{"href":"https:\/\/klimaseite.info\/index.php?rest_route=\/wp\/v2\/pages"}],"about":[{"href":"https:\/\/klimaseite.info\/index.php?rest_route=\/wp\/v2\/types\/page"}],"author":[{"embeddable":true,"href":"https:\/\/klimaseite.info\/index.php?rest_route=\/wp\/v2\/users\/1"}],"replies":[{"embeddable":true,"href":"https:\/\/klimaseite.info\/index.php?rest_route=%2Fwp%2Fv2%2Fcomments&post=54"}],"version-history":[{"count":147,"href":"https:\/\/klimaseite.info\/index.php?rest_route=\/wp\/v2\/pages\/54\/revisions"}],"predecessor-version":[{"id":1036,"href":"https:\/\/klimaseite.info\/index.php?rest_route=\/wp\/v2\/pages\/54\/revisions\/1036"}],"wp:attachment":[{"href":"https:\/\/klimaseite.info\/index.php?rest_route=%2Fwp%2Fv2%2Fmedia&parent=54"}],"curies":[{"name":"wp","href":"https:\/\/api.w.org\/{rel}","templated":true}]}}